{"id":5360,"date":"2020-11-22T13:01:35","date_gmt":"2020-11-22T13:01:35","guid":{"rendered":"https:\/\/www1.massivmoebel-niesse.de\/?page_id=5360"},"modified":"2020-11-22T13:59:50","modified_gmt":"2020-11-22T13:59:50","slug":"startseite","status":"publish","type":"page","link":"https:\/\/www1.massivmoebel-niesse.de\/","title":{"rendered":"Startseite"},"content":{"rendered":"<p>[vc_row full_width=&#8220;stretch_row&#8220; el_id=&#8220;start&#8220;][vc_column]<section  id=\"single-69f49f68718cd\" class=\"header-single vertical-flex m0 image-bg   parallax  p0 fullscreen \" style=\"\"><div class=\"background-content\"><img width=\"2560\" height=\"1549\" src=\"https:\/\/www1.massivmoebel-niesse.de\/wp-content\/uploads\/2020\/11\/DSC00461-scaled.jpg\" class=\"background-image\" alt=\"\" loading=\"lazy\" srcset=\"https:\/\/www1.massivmoebel-niesse.de\/wp-content\/uploads\/2020\/11\/DSC00461-scaled.jpg 2560w, https:\/\/www1.massivmoebel-niesse.de\/wp-content\/uploads\/2020\/11\/DSC00461-300x182.jpg 300w, https:\/\/www1.massivmoebel-niesse.de\/wp-content\/uploads\/2020\/11\/DSC00461-1024x620.jpg 1024w, https:\/\/www1.massivmoebel-niesse.de\/wp-content\/uploads\/2020\/11\/DSC00461-768x465.jpg 768w, https:\/\/www1.massivmoebel-niesse.de\/wp-content\/uploads\/2020\/11\/DSC00461-500x303.jpg 500w, https:\/\/www1.massivmoebel-niesse.de\/wp-content\/uploads\/2020\/11\/DSC00461-800x484.jpg 800w, https:\/\/www1.massivmoebel-niesse.de\/wp-content\/uploads\/2020\/11\/DSC00461-1280x775.jpg 1280w, https:\/\/www1.massivmoebel-niesse.de\/wp-content\/uploads\/2020\/11\/DSC00461-1920x1162.jpg 1920w, https:\/\/www1.massivmoebel-niesse.de\/wp-content\/uploads\/2020\/11\/DSC00461-1536x929.jpg 1536w, https:\/\/www1.massivmoebel-niesse.de\/wp-content\/uploads\/2020\/11\/DSC00461-2048x1239.jpg 2048w\" sizes=\"(max-width: 2560px) 100vw, 2560px\" \/><div  class=\"background-overlay\"><\/div><\/div><div  class=\"container vertical-flex-column item-content \"><div class=\"row\"><div class=\"col-sm-6 p0-xs\"><\/div><div class=\"col-sm-6 p0-xs\"><h1 class=\"heading-title-bold\">WILLKOMMEN ZU HAUSE<\/h1><div class=\"lead\" >Mit \u201eNiesse Massivholzm\u00f6bel\u201c schaffen Sie eine ganz besondere Wohnatmosph\u00e4re in Ihren R\u00e4umen<\/div><div class=\"heading-content\"><\/div><\/div><\/div><\/div><div class=\"align-bottom text-center\"><a  id=\"btn-69f49f68718ce\"  class=\"btn-sm-sm btn-lg m0 btn btn-filled btn-light ti-angle-down \" href= \"#service\"  >Erfahren Sie mehr!<\/a><\/div><script type=\"text\/javascript\">jQuery(document).ready(function(){jQuery('head').append('<style type=\"text\/css\" id=\"tlg-custom-css-single-69f49f68718cd\">#single-69f49f68718cd h1{text-shadow:none;font-size:50px;line-height:60px;letter-spacing:11px!important;text-transform: uppercase!important;}#single-69f49f68718cd .lead{text-shadow:none;font-size:18px;line-height:23px;text-transform: uppercase!important;}#single-69f49f68718cd .heading-content p{text-shadow:none;text-transform: none!important;}<\/style>');});<\/script><\/section>[vc_row_inner content_placement=&#8220;top&#8220; el_id=&#8220;service&#8220;][vc_column_inner css=&#8220;.vc_custom_1606048180383{padding-right: -50px !important;}&#8220; offset=&#8220;vc_hidden-sm vc_hidden-xs&#8220;][vc_column_text css=&#8220;.vc_custom_1605988441064{padding-right: 1px !important;background-color: #000000 !important;}&#8220;]\n<div class=\"vp-portfolio vp-uid-6e64a4f4 vp-id-5334  \"\n    data-vp-layout=\"tiles\" data-vp-items-style=\"fade\" data-vp-items-click-action=\"\" data-vp-items-gap=\"0\" data-vp-items-gap-vertical=\"0\" data-vp-pagination=\"load-more\" data-vp-next-page-url=\"\" data-vp-tiles-type=\"4|1,1|\" >\n    <div class=\"vp-portfolio__preloader-wrap\">\n        <div class=\"vp-portfolio__preloader\">\n            <svg width=\"20\" height=\"20\" viewBox=\"0 0 20 20\" fill=\"none\" xmlns=\"http:\/\/www.w3.org\/2000\/svg\">\n                <rect width=\"20\" height=\"20\" rx=\"10\" fill=\"black\" \/>\n                <path d=\"M11.5062 13.9L14.0488 6.59998H11.6894L9.39999 13.9H11.5062Z\" fill=\"url(#vpf_logo_paint0_linear)\" \/>\n                <path d=\"M8.54255 13.9L5.99999 6.59998H8.35932L10.6488 13.9H8.54255Z\" fill=\"white\" \/>\n                <defs>\n                    <linearGradient id=\"vpf_logo_paint0_linear\" x1=\"12.9\" y1=\"6.59998\" x2=\"6.59999\" y2=\"15.4\" gradientUnits=\"userSpaceOnUse\">\n                        <stop offset=\"0\" stop-color=\"white\" \/>\n                        <stop offset=\"1\" stop-color=\"white\" stop-opacity=\"0\" \/>\n                    <\/linearGradient>\n                <\/defs>\n            <\/svg>\n        <\/div>\n    <\/div>\n        <div class=\"vp-portfolio__items-wrap\">\n        \n<div class=\"vp-portfolio__items vp-portfolio__items-style-fade vp-portfolio__items-show-overlay-default\">\n\n        <div class=\"vp-portfolio__item-wrap vp-portfolio__item-uid-e7176aef\" data-vp-filter=\"\">\n                        <figure class=\"vp-portfolio__item\">\n                \n<div class=\"vp-portfolio__item-img-wrap\">\n    <div class=\"vp-portfolio__item-img\">\n        \n        <noscript><img width=\"1276\" height=\"1283\" src=\"https:\/\/www1.massivmoebel-niesse.de\/wp-content\/uploads\/2020\/11\/IMG_1496-scaled_1_b.jpg\" class=\"attachment-vp_lg size-vp_lg\" alt=\"\" loading=\"lazy\" srcset=\"https:\/\/www1.massivmoebel-niesse.de\/wp-content\/uploads\/2020\/11\/IMG_1496-scaled_1_b.jpg 1276w, https:\/\/www1.massivmoebel-niesse.de\/wp-content\/uploads\/2020\/11\/IMG_1496-scaled_1_b-298x300.jpg 298w, https:\/\/www1.massivmoebel-niesse.de\/wp-content\/uploads\/2020\/11\/IMG_1496-scaled_1_b-1018x1024.jpg 1018w, https:\/\/www1.massivmoebel-niesse.de\/wp-content\/uploads\/2020\/11\/IMG_1496-scaled_1_b-150x150.jpg 150w, https:\/\/www1.massivmoebel-niesse.de\/wp-content\/uploads\/2020\/11\/IMG_1496-scaled_1_b-768x772.jpg 768w, https:\/\/www1.massivmoebel-niesse.de\/wp-content\/uploads\/2020\/11\/IMG_1496-scaled_1_b-500x503.jpg 500w, https:\/\/www1.massivmoebel-niesse.de\/wp-content\/uploads\/2020\/11\/IMG_1496-scaled_1_b-800x804.jpg 800w, https:\/\/www1.massivmoebel-niesse.de\/wp-content\/uploads\/2020\/11\/IMG_1496-scaled_1_b-60x60.jpg 60w\" sizes=\"(max-width: 1276px) 100vw, 1276px\" \/><\/noscript><img width=\"1276\" height=\"1283\" src=\"data:image\/svg+xml;base64,PHN2ZyB3aWR0aD0iMTI3NiIgaGVpZ2h0PSIxMjgzIiB2aWV3Qm94PSIwIDAgMTI3NiAxMjgzIiBmaWxsPSJub25lIiB4bWxucz0iaHR0cDovL3d3dy53My5vcmcvMjAwMC9zdmciPjwvc3ZnPg==\" class=\"attachment-vp_lg size-vp_lg vp-lazyload\" alt=\"\" loading=\"eager\" data-src=\"https:\/\/www1.massivmoebel-niesse.de\/wp-content\/uploads\/2020\/11\/IMG_1496-scaled_1_b.jpg\" data-sizes=\"auto\" data-srcset=\"https:\/\/www1.massivmoebel-niesse.de\/wp-content\/uploads\/2020\/11\/IMG_1496-scaled_1_b.jpg 1276w, https:\/\/www1.massivmoebel-niesse.de\/wp-content\/uploads\/2020\/11\/IMG_1496-scaled_1_b-298x300.jpg 298w, https:\/\/www1.massivmoebel-niesse.de\/wp-content\/uploads\/2020\/11\/IMG_1496-scaled_1_b-1018x1024.jpg 1018w, https:\/\/www1.massivmoebel-niesse.de\/wp-content\/uploads\/2020\/11\/IMG_1496-scaled_1_b-150x150.jpg 150w, https:\/\/www1.massivmoebel-niesse.de\/wp-content\/uploads\/2020\/11\/IMG_1496-scaled_1_b-768x772.jpg 768w, https:\/\/www1.massivmoebel-niesse.de\/wp-content\/uploads\/2020\/11\/IMG_1496-scaled_1_b-500x503.jpg 500w, https:\/\/www1.massivmoebel-niesse.de\/wp-content\/uploads\/2020\/11\/IMG_1496-scaled_1_b-800x804.jpg 800w, https:\/\/www1.massivmoebel-niesse.de\/wp-content\/uploads\/2020\/11\/IMG_1496-scaled_1_b-60x60.jpg 60w\" \/>\n            <\/div>\n<\/div>\n\n<figcaption class=\"vp-portfolio__item-overlay vp-portfolio__item-align-center\">\n    <div class=\"vp-portfolio__item-meta-wrap vp-portfolio__custom-scrollbar\">\n        <span  class=\"vp-portfolio__item-meta\" >\n        \n<h2 class=\"vp-portfolio__item-meta-title\">\n    K\u00fcchen<\/h2>\n\n<div class=\"vp-portfolio__item-meta-excerpt\">\n    <div>\n        Individuell geplant und mit liebevoller Handarbeit gefertigt    <\/div>\n<\/div>\n\n        <\/span>    <\/div>\n<\/figcaption>\n            <\/figure>\n        <\/div>\n        \n        <div class=\"vp-portfolio__item-wrap vp-portfolio__item-uid-0ff90cda\" data-vp-filter=\"\">\n                        <div class=\"vp-portfolio__item-popup\"\n                style=\"display: none;\"\n                data-vp-popup-img=\"https:\/\/www1.massivmoebel-niesse.de\/wp-content\/uploads\/2020\/11\/bedroom-374977_1920.jpg\"\n                data-vp-popup-img-srcset=\"https:\/\/www1.massivmoebel-niesse.de\/wp-content\/uploads\/2020\/11\/bedroom-374977_1920.jpg 1920w, https:\/\/www1.massivmoebel-niesse.de\/wp-content\/uploads\/2020\/11\/bedroom-374977_1920-300x200.jpg 300w, https:\/\/www1.massivmoebel-niesse.de\/wp-content\/uploads\/2020\/11\/bedroom-374977_1920-1024x682.jpg 1024w, https:\/\/www1.massivmoebel-niesse.de\/wp-content\/uploads\/2020\/11\/bedroom-374977_1920-768x512.jpg 768w, https:\/\/www1.massivmoebel-niesse.de\/wp-content\/uploads\/2020\/11\/bedroom-374977_1920-500x333.jpg 500w, https:\/\/www1.massivmoebel-niesse.de\/wp-content\/uploads\/2020\/11\/bedroom-374977_1920-800x533.jpg 800w, https:\/\/www1.massivmoebel-niesse.de\/wp-content\/uploads\/2020\/11\/bedroom-374977_1920-1280x853.jpg 1280w, https:\/\/www1.massivmoebel-niesse.de\/wp-content\/uploads\/2020\/11\/bedroom-374977_1920-1536x1023.jpg 1536w, https:\/\/www1.massivmoebel-niesse.de\/wp-content\/uploads\/2020\/11\/bedroom-374977_1920-600x400.jpg 600w\"\n                data-vp-popup-img-size=\"1920x1279\"\n                data-vp-popup-md-img=\"https:\/\/www1.massivmoebel-niesse.de\/wp-content\/uploads\/2020\/11\/bedroom-374977_1920-800x533.jpg\"\n                data-vp-popup-md-img-size=\"800x533\"\n                data-vp-popup-sm-img=\"https:\/\/www1.massivmoebel-niesse.de\/wp-content\/uploads\/2020\/11\/bedroom-374977_1920-500x333.jpg\"\n                data-vp-popup-sm-img-size=\"500x333\"\n            >\n                                    <h3 class=\"vp-portfolio__item-popup-title\">Schlafzimmer<\/h3>\n                                <\/div>\n                        <figure class=\"vp-portfolio__item\">\n                \n<div class=\"vp-portfolio__item-img-wrap\">\n    <div class=\"vp-portfolio__item-img\">\n        \n        <noscript><img width=\"1280\" height=\"853\" src=\"https:\/\/www1.massivmoebel-niesse.de\/wp-content\/uploads\/2020\/11\/bedroom-374977_1920-1280x853.jpg\" class=\"attachment-vp_lg size-vp_lg\" alt=\"\" loading=\"lazy\" srcset=\"https:\/\/www1.massivmoebel-niesse.de\/wp-content\/uploads\/2020\/11\/bedroom-374977_1920-1280x853.jpg 1280w, https:\/\/www1.massivmoebel-niesse.de\/wp-content\/uploads\/2020\/11\/bedroom-374977_1920-300x200.jpg 300w, https:\/\/www1.massivmoebel-niesse.de\/wp-content\/uploads\/2020\/11\/bedroom-374977_1920-1024x682.jpg 1024w, https:\/\/www1.massivmoebel-niesse.de\/wp-content\/uploads\/2020\/11\/bedroom-374977_1920-768x512.jpg 768w, https:\/\/www1.massivmoebel-niesse.de\/wp-content\/uploads\/2020\/11\/bedroom-374977_1920-500x333.jpg 500w, https:\/\/www1.massivmoebel-niesse.de\/wp-content\/uploads\/2020\/11\/bedroom-374977_1920-800x533.jpg 800w, https:\/\/www1.massivmoebel-niesse.de\/wp-content\/uploads\/2020\/11\/bedroom-374977_1920-1536x1023.jpg 1536w, https:\/\/www1.massivmoebel-niesse.de\/wp-content\/uploads\/2020\/11\/bedroom-374977_1920-600x400.jpg 600w, https:\/\/www1.massivmoebel-niesse.de\/wp-content\/uploads\/2020\/11\/bedroom-374977_1920.jpg 1920w\" sizes=\"(max-width: 1280px) 100vw, 1280px\" \/><\/noscript><img width=\"1280\" height=\"853\" src=\"data:image\/svg+xml;base64,PHN2ZyB3aWR0aD0iMTI4MCIgaGVpZ2h0PSI4NTMiIHZpZXdCb3g9IjAgMCAxMjgwIDg1MyIgZmlsbD0ibm9uZSIgeG1sbnM9Imh0dHA6Ly93d3cudzMub3JnLzIwMDAvc3ZnIj48L3N2Zz4=\" class=\"attachment-vp_lg size-vp_lg vp-lazyload\" alt=\"\" loading=\"eager\" data-src=\"https:\/\/www1.massivmoebel-niesse.de\/wp-content\/uploads\/2020\/11\/bedroom-374977_1920-1280x853.jpg\" data-sizes=\"auto\" data-srcset=\"https:\/\/www1.massivmoebel-niesse.de\/wp-content\/uploads\/2020\/11\/bedroom-374977_1920-1280x853.jpg 1280w, https:\/\/www1.massivmoebel-niesse.de\/wp-content\/uploads\/2020\/11\/bedroom-374977_1920-300x200.jpg 300w, https:\/\/www1.massivmoebel-niesse.de\/wp-content\/uploads\/2020\/11\/bedroom-374977_1920-1024x682.jpg 1024w, https:\/\/www1.massivmoebel-niesse.de\/wp-content\/uploads\/2020\/11\/bedroom-374977_1920-768x512.jpg 768w, https:\/\/www1.massivmoebel-niesse.de\/wp-content\/uploads\/2020\/11\/bedroom-374977_1920-500x333.jpg 500w, https:\/\/www1.massivmoebel-niesse.de\/wp-content\/uploads\/2020\/11\/bedroom-374977_1920-800x533.jpg 800w, https:\/\/www1.massivmoebel-niesse.de\/wp-content\/uploads\/2020\/11\/bedroom-374977_1920-1536x1023.jpg 1536w, https:\/\/www1.massivmoebel-niesse.de\/wp-content\/uploads\/2020\/11\/bedroom-374977_1920-600x400.jpg 600w, https:\/\/www1.massivmoebel-niesse.de\/wp-content\/uploads\/2020\/11\/bedroom-374977_1920.jpg 1920w\" \/>\n            <\/div>\n<\/div>\n\n<figcaption class=\"vp-portfolio__item-overlay vp-portfolio__item-align-center\">\n    <div class=\"vp-portfolio__item-meta-wrap vp-portfolio__custom-scrollbar\">\n        <span  class=\"vp-portfolio__item-meta\" >\n        \n<h2 class=\"vp-portfolio__item-meta-title\">\n    Schlafzimmer<\/h2>\n\n        <\/span>    <\/div>\n<\/figcaption>\n            <\/figure>\n        <\/div>\n        \n        <div class=\"vp-portfolio__item-wrap vp-portfolio__item-uid-73d958a3\" data-vp-filter=\"\" style=\"--vp-images__object-position: 70% 50%;\">\n                        <div class=\"vp-portfolio__item-popup\"\n                style=\"display: none;\"\n                data-vp-popup-img=\"https:\/\/www1.massivmoebel-niesse.de\/wp-content\/uploads\/2020\/11\/DSC00487_b-1920x1191.jpg\"\n                data-vp-popup-img-srcset=\"https:\/\/www1.massivmoebel-niesse.de\/wp-content\/uploads\/2020\/11\/DSC00487_b-1920x1191.jpg 1920w, https:\/\/www1.massivmoebel-niesse.de\/wp-content\/uploads\/2020\/11\/DSC00487_b-300x186.jpg 300w, https:\/\/www1.massivmoebel-niesse.de\/wp-content\/uploads\/2020\/11\/DSC00487_b-1024x635.jpg 1024w, https:\/\/www1.massivmoebel-niesse.de\/wp-content\/uploads\/2020\/11\/DSC00487_b-768x476.jpg 768w, https:\/\/www1.massivmoebel-niesse.de\/wp-content\/uploads\/2020\/11\/DSC00487_b-500x310.jpg 500w, https:\/\/www1.massivmoebel-niesse.de\/wp-content\/uploads\/2020\/11\/DSC00487_b-800x496.jpg 800w, https:\/\/www1.massivmoebel-niesse.de\/wp-content\/uploads\/2020\/11\/DSC00487_b-1280x794.jpg 1280w, https:\/\/www1.massivmoebel-niesse.de\/wp-content\/uploads\/2020\/11\/DSC00487_b-1536x953.jpg 1536w, https:\/\/www1.massivmoebel-niesse.de\/wp-content\/uploads\/2020\/11\/DSC00487_b-2048x1270.jpg 2048w\"\n                data-vp-popup-img-size=\"1920x1191\"\n                data-vp-popup-md-img=\"https:\/\/www1.massivmoebel-niesse.de\/wp-content\/uploads\/2020\/11\/DSC00487_b-800x496.jpg\"\n                data-vp-popup-md-img-size=\"800x496\"\n                data-vp-popup-sm-img=\"https:\/\/www1.massivmoebel-niesse.de\/wp-content\/uploads\/2020\/11\/DSC00487_b-500x310.jpg\"\n                data-vp-popup-sm-img-size=\"500x310\"\n            >\n                                    <h3 class=\"vp-portfolio__item-popup-title\">Wohnm\u00f6bel<\/h3>\n                                <\/div>\n                        <figure class=\"vp-portfolio__item\">\n                \n<div class=\"vp-portfolio__item-img-wrap\">\n    <div class=\"vp-portfolio__item-img\">\n        \n        <noscript><img width=\"1280\" height=\"794\" src=\"https:\/\/www1.massivmoebel-niesse.de\/wp-content\/uploads\/2020\/11\/DSC00487_b-1280x794.jpg\" class=\"attachment-vp_lg size-vp_lg\" alt=\"\" loading=\"lazy\" srcset=\"https:\/\/www1.massivmoebel-niesse.de\/wp-content\/uploads\/2020\/11\/DSC00487_b-1280x794.jpg 1280w, https:\/\/www1.massivmoebel-niesse.de\/wp-content\/uploads\/2020\/11\/DSC00487_b-300x186.jpg 300w, https:\/\/www1.massivmoebel-niesse.de\/wp-content\/uploads\/2020\/11\/DSC00487_b-1024x635.jpg 1024w, https:\/\/www1.massivmoebel-niesse.de\/wp-content\/uploads\/2020\/11\/DSC00487_b-768x476.jpg 768w, https:\/\/www1.massivmoebel-niesse.de\/wp-content\/uploads\/2020\/11\/DSC00487_b-500x310.jpg 500w, https:\/\/www1.massivmoebel-niesse.de\/wp-content\/uploads\/2020\/11\/DSC00487_b-800x496.jpg 800w, https:\/\/www1.massivmoebel-niesse.de\/wp-content\/uploads\/2020\/11\/DSC00487_b-1920x1191.jpg 1920w, https:\/\/www1.massivmoebel-niesse.de\/wp-content\/uploads\/2020\/11\/DSC00487_b-1536x953.jpg 1536w, https:\/\/www1.massivmoebel-niesse.de\/wp-content\/uploads\/2020\/11\/DSC00487_b-2048x1270.jpg 2048w\" sizes=\"(max-width: 1280px) 100vw, 1280px\" \/><\/noscript><img width=\"1280\" height=\"794\" src=\"data:image\/svg+xml;base64,PHN2ZyB3aWR0aD0iNjQwIiBoZWlnaHQ9IjM5NyIgdmlld0JveD0iMCAwIDY0MCAzOTciIGZpbGw9Im5vbmUiIHhtbG5zPSJodHRwOi8vd3d3LnczLm9yZy8yMDAwL3N2ZyI+PC9zdmc+\" class=\"attachment-vp_lg size-vp_lg vp-lazyload\" alt=\"\" loading=\"eager\" data-src=\"https:\/\/www1.massivmoebel-niesse.de\/wp-content\/uploads\/2020\/11\/DSC00487_b-1280x794.jpg\" data-sizes=\"auto\" data-srcset=\"https:\/\/www1.massivmoebel-niesse.de\/wp-content\/uploads\/2020\/11\/DSC00487_b-1280x794.jpg 1280w, https:\/\/www1.massivmoebel-niesse.de\/wp-content\/uploads\/2020\/11\/DSC00487_b-300x186.jpg 300w, https:\/\/www1.massivmoebel-niesse.de\/wp-content\/uploads\/2020\/11\/DSC00487_b-1024x635.jpg 1024w, https:\/\/www1.massivmoebel-niesse.de\/wp-content\/uploads\/2020\/11\/DSC00487_b-768x476.jpg 768w, https:\/\/www1.massivmoebel-niesse.de\/wp-content\/uploads\/2020\/11\/DSC00487_b-500x310.jpg 500w, https:\/\/www1.massivmoebel-niesse.de\/wp-content\/uploads\/2020\/11\/DSC00487_b-800x496.jpg 800w, https:\/\/www1.massivmoebel-niesse.de\/wp-content\/uploads\/2020\/11\/DSC00487_b-1920x1191.jpg 1920w, https:\/\/www1.massivmoebel-niesse.de\/wp-content\/uploads\/2020\/11\/DSC00487_b-1536x953.jpg 1536w, https:\/\/www1.massivmoebel-niesse.de\/wp-content\/uploads\/2020\/11\/DSC00487_b-2048x1270.jpg 2048w\" \/>\n            <\/div>\n<\/div>\n\n<figcaption class=\"vp-portfolio__item-overlay vp-portfolio__item-align-center\">\n    <div class=\"vp-portfolio__item-meta-wrap vp-portfolio__custom-scrollbar\">\n        <span  class=\"vp-portfolio__item-meta\" >\n        \n<h2 class=\"vp-portfolio__item-meta-title\">\n    Wohnm\u00f6bel<\/h2>\n\n        <\/span>    <\/div>\n<\/figcaption>\n            <\/figure>\n        <\/div>\n        \n        <div class=\"vp-portfolio__item-wrap vp-portfolio__item-uid-3ff65786\" data-vp-filter=\"\">\n                        <div class=\"vp-portfolio__item-popup\"\n                style=\"display: none;\"\n                data-vp-popup-img=\"https:\/\/www1.massivmoebel-niesse.de\/wp-content\/uploads\/2020\/11\/DSC00511-1920x1080.jpg\"\n                data-vp-popup-img-srcset=\"https:\/\/www1.massivmoebel-niesse.de\/wp-content\/uploads\/2020\/11\/DSC00511-1920x1080.jpg 1920w, https:\/\/www1.massivmoebel-niesse.de\/wp-content\/uploads\/2020\/11\/DSC00511-300x169.jpg 300w, https:\/\/www1.massivmoebel-niesse.de\/wp-content\/uploads\/2020\/11\/DSC00511-1024x576.jpg 1024w, https:\/\/www1.massivmoebel-niesse.de\/wp-content\/uploads\/2020\/11\/DSC00511-768x432.jpg 768w, https:\/\/www1.massivmoebel-niesse.de\/wp-content\/uploads\/2020\/11\/DSC00511-500x281.jpg 500w, https:\/\/www1.massivmoebel-niesse.de\/wp-content\/uploads\/2020\/11\/DSC00511-800x450.jpg 800w, https:\/\/www1.massivmoebel-niesse.de\/wp-content\/uploads\/2020\/11\/DSC00511-1280x720.jpg 1280w, https:\/\/www1.massivmoebel-niesse.de\/wp-content\/uploads\/2020\/11\/DSC00511-1536x864.jpg 1536w, https:\/\/www1.massivmoebel-niesse.de\/wp-content\/uploads\/2020\/11\/DSC00511-2048x1152.jpg 2048w\"\n                data-vp-popup-img-size=\"1920x1080\"\n                data-vp-popup-md-img=\"https:\/\/www1.massivmoebel-niesse.de\/wp-content\/uploads\/2020\/11\/DSC00511-800x450.jpg\"\n                data-vp-popup-md-img-size=\"800x450\"\n                data-vp-popup-sm-img=\"https:\/\/www1.massivmoebel-niesse.de\/wp-content\/uploads\/2020\/11\/DSC00511-500x281.jpg\"\n                data-vp-popup-sm-img-size=\"500x281\"\n            >\n                                    <h3 class=\"vp-portfolio__item-popup-title\">Esszimmer<\/h3>\n                                <\/div>\n                        <figure class=\"vp-portfolio__item\">\n                \n<div class=\"vp-portfolio__item-img-wrap\">\n    <div class=\"vp-portfolio__item-img\">\n        \n        <noscript><img width=\"1280\" height=\"720\" src=\"https:\/\/www1.massivmoebel-niesse.de\/wp-content\/uploads\/2020\/11\/DSC00511-1280x720.jpg\" class=\"attachment-vp_lg size-vp_lg\" alt=\"\" loading=\"lazy\" srcset=\"https:\/\/www1.massivmoebel-niesse.de\/wp-content\/uploads\/2020\/11\/DSC00511-1280x720.jpg 1280w, https:\/\/www1.massivmoebel-niesse.de\/wp-content\/uploads\/2020\/11\/DSC00511-300x169.jpg 300w, https:\/\/www1.massivmoebel-niesse.de\/wp-content\/uploads\/2020\/11\/DSC00511-1024x576.jpg 1024w, https:\/\/www1.massivmoebel-niesse.de\/wp-content\/uploads\/2020\/11\/DSC00511-768x432.jpg 768w, https:\/\/www1.massivmoebel-niesse.de\/wp-content\/uploads\/2020\/11\/DSC00511-500x281.jpg 500w, https:\/\/www1.massivmoebel-niesse.de\/wp-content\/uploads\/2020\/11\/DSC00511-800x450.jpg 800w, https:\/\/www1.massivmoebel-niesse.de\/wp-content\/uploads\/2020\/11\/DSC00511-1920x1080.jpg 1920w, https:\/\/www1.massivmoebel-niesse.de\/wp-content\/uploads\/2020\/11\/DSC00511-1536x864.jpg 1536w, https:\/\/www1.massivmoebel-niesse.de\/wp-content\/uploads\/2020\/11\/DSC00511-2048x1152.jpg 2048w\" sizes=\"(max-width: 1280px) 100vw, 1280px\" \/><\/noscript><img width=\"1280\" height=\"720\" src=\"data:image\/svg+xml;base64,PHN2ZyB3aWR0aD0iMTYiIGhlaWdodD0iOSIgdmlld0JveD0iMCAwIDE2IDkiIGZpbGw9Im5vbmUiIHhtbG5zPSJodHRwOi8vd3d3LnczLm9yZy8yMDAwL3N2ZyI+PC9zdmc+\" class=\"attachment-vp_lg size-vp_lg vp-lazyload\" alt=\"\" loading=\"eager\" data-src=\"https:\/\/www1.massivmoebel-niesse.de\/wp-content\/uploads\/2020\/11\/DSC00511-1280x720.jpg\" data-sizes=\"auto\" data-srcset=\"https:\/\/www1.massivmoebel-niesse.de\/wp-content\/uploads\/2020\/11\/DSC00511-1280x720.jpg 1280w, https:\/\/www1.massivmoebel-niesse.de\/wp-content\/uploads\/2020\/11\/DSC00511-300x169.jpg 300w, https:\/\/www1.massivmoebel-niesse.de\/wp-content\/uploads\/2020\/11\/DSC00511-1024x576.jpg 1024w, https:\/\/www1.massivmoebel-niesse.de\/wp-content\/uploads\/2020\/11\/DSC00511-768x432.jpg 768w, https:\/\/www1.massivmoebel-niesse.de\/wp-content\/uploads\/2020\/11\/DSC00511-500x281.jpg 500w, https:\/\/www1.massivmoebel-niesse.de\/wp-content\/uploads\/2020\/11\/DSC00511-800x450.jpg 800w, https:\/\/www1.massivmoebel-niesse.de\/wp-content\/uploads\/2020\/11\/DSC00511-1920x1080.jpg 1920w, https:\/\/www1.massivmoebel-niesse.de\/wp-content\/uploads\/2020\/11\/DSC00511-1536x864.jpg 1536w, https:\/\/www1.massivmoebel-niesse.de\/wp-content\/uploads\/2020\/11\/DSC00511-2048x1152.jpg 2048w\" \/>\n            <\/div>\n<\/div>\n\n<figcaption class=\"vp-portfolio__item-overlay vp-portfolio__item-align-center\">\n    <div class=\"vp-portfolio__item-meta-wrap vp-portfolio__custom-scrollbar\">\n        <span  class=\"vp-portfolio__item-meta\" >\n        \n<h2 class=\"vp-portfolio__item-meta-title\">\n    Esszimmer<\/h2>\n\n        <\/span>    <\/div>\n<\/figcaption>\n            <\/figure>\n        <\/div>\n        \n        <div class=\"vp-portfolio__item-wrap vp-portfolio__item-uid-49d06b63\" data-vp-filter=\"\">\n                        <div class=\"vp-portfolio__item-popup\"\n                style=\"display: none;\"\n                data-vp-popup-img=\"https:\/\/www1.massivmoebel-niesse.de\/wp-content\/uploads\/2020\/11\/clock-2663148_1920.jpg\"\n                data-vp-popup-img-srcset=\"https:\/\/www1.massivmoebel-niesse.de\/wp-content\/uploads\/2020\/11\/clock-2663148_1920.jpg 1920w, https:\/\/www1.massivmoebel-niesse.de\/wp-content\/uploads\/2020\/11\/clock-2663148_1920-300x200.jpg 300w, https:\/\/www1.massivmoebel-niesse.de\/wp-content\/uploads\/2020\/11\/clock-2663148_1920-1024x683.jpg 1024w, https:\/\/www1.massivmoebel-niesse.de\/wp-content\/uploads\/2020\/11\/clock-2663148_1920-768x512.jpg 768w, https:\/\/www1.massivmoebel-niesse.de\/wp-content\/uploads\/2020\/11\/clock-2663148_1920-500x333.jpg 500w, https:\/\/www1.massivmoebel-niesse.de\/wp-content\/uploads\/2020\/11\/clock-2663148_1920-800x533.jpg 800w, https:\/\/www1.massivmoebel-niesse.de\/wp-content\/uploads\/2020\/11\/clock-2663148_1920-1280x853.jpg 1280w, https:\/\/www1.massivmoebel-niesse.de\/wp-content\/uploads\/2020\/11\/clock-2663148_1920-1536x1024.jpg 1536w, https:\/\/www1.massivmoebel-niesse.de\/wp-content\/uploads\/2020\/11\/clock-2663148_1920-600x400.jpg 600w\"\n                data-vp-popup-img-size=\"1920x1280\"\n                data-vp-popup-md-img=\"https:\/\/www1.massivmoebel-niesse.de\/wp-content\/uploads\/2020\/11\/clock-2663148_1920-800x533.jpg\"\n                data-vp-popup-md-img-size=\"800x533\"\n                data-vp-popup-sm-img=\"https:\/\/www1.massivmoebel-niesse.de\/wp-content\/uploads\/2020\/11\/clock-2663148_1920-500x333.jpg\"\n                data-vp-popup-sm-img-size=\"500x333\"\n            >\n                                    <h3 class=\"vp-portfolio__item-popup-title\">Restauration 2<\/h3>\n                                <\/div>\n                        <figure class=\"vp-portfolio__item\">\n                \n<div class=\"vp-portfolio__item-img-wrap\">\n    <div class=\"vp-portfolio__item-img\">\n        \n        <noscript><img width=\"1280\" height=\"853\" src=\"https:\/\/www1.massivmoebel-niesse.de\/wp-content\/uploads\/2020\/11\/clock-2663148_1920-1280x853.jpg\" class=\"attachment-vp_lg size-vp_lg\" alt=\"\" loading=\"lazy\" srcset=\"https:\/\/www1.massivmoebel-niesse.de\/wp-content\/uploads\/2020\/11\/clock-2663148_1920-1280x853.jpg 1280w, https:\/\/www1.massivmoebel-niesse.de\/wp-content\/uploads\/2020\/11\/clock-2663148_1920-300x200.jpg 300w, https:\/\/www1.massivmoebel-niesse.de\/wp-content\/uploads\/2020\/11\/clock-2663148_1920-1024x683.jpg 1024w, https:\/\/www1.massivmoebel-niesse.de\/wp-content\/uploads\/2020\/11\/clock-2663148_1920-768x512.jpg 768w, https:\/\/www1.massivmoebel-niesse.de\/wp-content\/uploads\/2020\/11\/clock-2663148_1920-500x333.jpg 500w, https:\/\/www1.massivmoebel-niesse.de\/wp-content\/uploads\/2020\/11\/clock-2663148_1920-800x533.jpg 800w, https:\/\/www1.massivmoebel-niesse.de\/wp-content\/uploads\/2020\/11\/clock-2663148_1920-1536x1024.jpg 1536w, https:\/\/www1.massivmoebel-niesse.de\/wp-content\/uploads\/2020\/11\/clock-2663148_1920-600x400.jpg 600w, https:\/\/www1.massivmoebel-niesse.de\/wp-content\/uploads\/2020\/11\/clock-2663148_1920.jpg 1920w\" sizes=\"(max-width: 1280px) 100vw, 1280px\" \/><\/noscript><img width=\"1280\" height=\"853\" src=\"data:image\/svg+xml;base64,PHN2ZyB3aWR0aD0iMTI4MCIgaGVpZ2h0PSI4NTMiIHZpZXdCb3g9IjAgMCAxMjgwIDg1MyIgZmlsbD0ibm9uZSIgeG1sbnM9Imh0dHA6Ly93d3cudzMub3JnLzIwMDAvc3ZnIj48L3N2Zz4=\" class=\"attachment-vp_lg size-vp_lg vp-lazyload\" alt=\"\" loading=\"eager\" data-src=\"https:\/\/www1.massivmoebel-niesse.de\/wp-content\/uploads\/2020\/11\/clock-2663148_1920-1280x853.jpg\" data-sizes=\"auto\" data-srcset=\"https:\/\/www1.massivmoebel-niesse.de\/wp-content\/uploads\/2020\/11\/clock-2663148_1920-1280x853.jpg 1280w, https:\/\/www1.massivmoebel-niesse.de\/wp-content\/uploads\/2020\/11\/clock-2663148_1920-300x200.jpg 300w, https:\/\/www1.massivmoebel-niesse.de\/wp-content\/uploads\/2020\/11\/clock-2663148_1920-1024x683.jpg 1024w, https:\/\/www1.massivmoebel-niesse.de\/wp-content\/uploads\/2020\/11\/clock-2663148_1920-768x512.jpg 768w, https:\/\/www1.massivmoebel-niesse.de\/wp-content\/uploads\/2020\/11\/clock-2663148_1920-500x333.jpg 500w, https:\/\/www1.massivmoebel-niesse.de\/wp-content\/uploads\/2020\/11\/clock-2663148_1920-800x533.jpg 800w, https:\/\/www1.massivmoebel-niesse.de\/wp-content\/uploads\/2020\/11\/clock-2663148_1920-1536x1024.jpg 1536w, https:\/\/www1.massivmoebel-niesse.de\/wp-content\/uploads\/2020\/11\/clock-2663148_1920-600x400.jpg 600w, https:\/\/www1.massivmoebel-niesse.de\/wp-content\/uploads\/2020\/11\/clock-2663148_1920.jpg 1920w\" \/>\n            <\/div>\n<\/div>\n\n<figcaption class=\"vp-portfolio__item-overlay vp-portfolio__item-align-center\">\n    <div class=\"vp-portfolio__item-meta-wrap vp-portfolio__custom-scrollbar\">\n        <span  class=\"vp-portfolio__item-meta\" >\n        \n<h2 class=\"vp-portfolio__item-meta-title\">\n    Restauration 2<\/h2>\n\n        <\/span>    <\/div>\n<\/figcaption>\n            <\/figure>\n        <\/div>\n        \n        <div class=\"vp-portfolio__item-wrap vp-portfolio__item-uid-41ebe448\" data-vp-filter=\"\">\n                        <div class=\"vp-portfolio__item-popup\"\n                style=\"display: none;\"\n                data-vp-popup-img=\"https:\/\/www1.massivmoebel-niesse.de\/wp-content\/uploads\/2020\/11\/DSC00473__b3-1920x1631.jpg\"\n                data-vp-popup-img-srcset=\"https:\/\/www1.massivmoebel-niesse.de\/wp-content\/uploads\/2020\/11\/DSC00473__b3-1920x1631.jpg 1920w, https:\/\/www1.massivmoebel-niesse.de\/wp-content\/uploads\/2020\/11\/DSC00473__b3-300x255.jpg 300w, https:\/\/www1.massivmoebel-niesse.de\/wp-content\/uploads\/2020\/11\/DSC00473__b3-1024x870.jpg 1024w, https:\/\/www1.massivmoebel-niesse.de\/wp-content\/uploads\/2020\/11\/DSC00473__b3-768x652.jpg 768w, https:\/\/www1.massivmoebel-niesse.de\/wp-content\/uploads\/2020\/11\/DSC00473__b3-500x425.jpg 500w, https:\/\/www1.massivmoebel-niesse.de\/wp-content\/uploads\/2020\/11\/DSC00473__b3-800x679.jpg 800w, https:\/\/www1.massivmoebel-niesse.de\/wp-content\/uploads\/2020\/11\/DSC00473__b3-1280x1087.jpg 1280w, https:\/\/www1.massivmoebel-niesse.de\/wp-content\/uploads\/2020\/11\/DSC00473__b3-1536x1304.jpg 1536w, https:\/\/www1.massivmoebel-niesse.de\/wp-content\/uploads\/2020\/11\/DSC00473__b3-2048x1739.jpg 2048w\"\n                data-vp-popup-img-size=\"1920x1631\"\n                data-vp-popup-md-img=\"https:\/\/www1.massivmoebel-niesse.de\/wp-content\/uploads\/2020\/11\/DSC00473__b3-800x679.jpg\"\n                data-vp-popup-md-img-size=\"800x679\"\n                data-vp-popup-sm-img=\"https:\/\/www1.massivmoebel-niesse.de\/wp-content\/uploads\/2020\/11\/DSC00473__b3-500x425.jpg\"\n                data-vp-popup-sm-img-size=\"500x425\"\n            >\n                                    <h3 class=\"vp-portfolio__item-popup-title\">Sonstiges<\/h3>\n                                <\/div>\n                        <figure class=\"vp-portfolio__item\">\n                \n<div class=\"vp-portfolio__item-img-wrap\">\n    <div class=\"vp-portfolio__item-img\">\n        \n        <noscript><img width=\"1280\" height=\"1087\" src=\"https:\/\/www1.massivmoebel-niesse.de\/wp-content\/uploads\/2020\/11\/DSC00473__b3-1280x1087.jpg\" class=\"attachment-vp_lg size-vp_lg\" alt=\"\" loading=\"lazy\" srcset=\"https:\/\/www1.massivmoebel-niesse.de\/wp-content\/uploads\/2020\/11\/DSC00473__b3-1280x1087.jpg 1280w, https:\/\/www1.massivmoebel-niesse.de\/wp-content\/uploads\/2020\/11\/DSC00473__b3-300x255.jpg 300w, https:\/\/www1.massivmoebel-niesse.de\/wp-content\/uploads\/2020\/11\/DSC00473__b3-1024x870.jpg 1024w, https:\/\/www1.massivmoebel-niesse.de\/wp-content\/uploads\/2020\/11\/DSC00473__b3-768x652.jpg 768w, https:\/\/www1.massivmoebel-niesse.de\/wp-content\/uploads\/2020\/11\/DSC00473__b3-500x425.jpg 500w, https:\/\/www1.massivmoebel-niesse.de\/wp-content\/uploads\/2020\/11\/DSC00473__b3-800x679.jpg 800w, https:\/\/www1.massivmoebel-niesse.de\/wp-content\/uploads\/2020\/11\/DSC00473__b3-1920x1631.jpg 1920w, https:\/\/www1.massivmoebel-niesse.de\/wp-content\/uploads\/2020\/11\/DSC00473__b3-1536x1304.jpg 1536w, https:\/\/www1.massivmoebel-niesse.de\/wp-content\/uploads\/2020\/11\/DSC00473__b3-2048x1739.jpg 2048w\" sizes=\"(max-width: 1280px) 100vw, 1280px\" \/><\/noscript><img width=\"1280\" height=\"1087\" src=\"data:image\/svg+xml;base64,PHN2ZyB3aWR0aD0iMTI4MCIgaGVpZ2h0PSIxMDg3IiB2aWV3Qm94PSIwIDAgMTI4MCAxMDg3IiBmaWxsPSJub25lIiB4bWxucz0iaHR0cDovL3d3dy53My5vcmcvMjAwMC9zdmciPjwvc3ZnPg==\" class=\"attachment-vp_lg size-vp_lg vp-lazyload\" alt=\"\" loading=\"eager\" data-src=\"https:\/\/www1.massivmoebel-niesse.de\/wp-content\/uploads\/2020\/11\/DSC00473__b3-1280x1087.jpg\" data-sizes=\"auto\" data-srcset=\"https:\/\/www1.massivmoebel-niesse.de\/wp-content\/uploads\/2020\/11\/DSC00473__b3-1280x1087.jpg 1280w, https:\/\/www1.massivmoebel-niesse.de\/wp-content\/uploads\/2020\/11\/DSC00473__b3-300x255.jpg 300w, https:\/\/www1.massivmoebel-niesse.de\/wp-content\/uploads\/2020\/11\/DSC00473__b3-1024x870.jpg 1024w, https:\/\/www1.massivmoebel-niesse.de\/wp-content\/uploads\/2020\/11\/DSC00473__b3-768x652.jpg 768w, https:\/\/www1.massivmoebel-niesse.de\/wp-content\/uploads\/2020\/11\/DSC00473__b3-500x425.jpg 500w, https:\/\/www1.massivmoebel-niesse.de\/wp-content\/uploads\/2020\/11\/DSC00473__b3-800x679.jpg 800w, https:\/\/www1.massivmoebel-niesse.de\/wp-content\/uploads\/2020\/11\/DSC00473__b3-1920x1631.jpg 1920w, https:\/\/www1.massivmoebel-niesse.de\/wp-content\/uploads\/2020\/11\/DSC00473__b3-1536x1304.jpg 1536w, https:\/\/www1.massivmoebel-niesse.de\/wp-content\/uploads\/2020\/11\/DSC00473__b3-2048x1739.jpg 2048w\" \/>\n            <\/div>\n<\/div>\n\n<figcaption class=\"vp-portfolio__item-overlay vp-portfolio__item-align-center\">\n    <div class=\"vp-portfolio__item-meta-wrap vp-portfolio__custom-scrollbar\">\n        <span  class=\"vp-portfolio__item-meta\" >\n        \n<h2 class=\"vp-portfolio__item-meta-title\">\n    Sonstiges<\/h2>\n\n        <\/span>    <\/div>\n<\/figcaption>\n            <\/figure>\n        <\/div>\n        \n        <div class=\"vp-portfolio__item-wrap vp-portfolio__item-uid-284db71b\" data-vp-filter=\"\">\n                        <div class=\"vp-portfolio__item-popup\"\n                style=\"display: none;\"\n                data-vp-popup-img=\"https:\/\/www1.massivmoebel-niesse.de\/wp-content\/uploads\/2020\/10\/Stuhl-WL-06-Zentralfusstisch-Quardo-scaled.jpg\"\n                data-vp-popup-img-srcset=\"https:\/\/www1.massivmoebel-niesse.de\/wp-content\/uploads\/2020\/10\/Stuhl-WL-06-Zentralfusstisch-Quardo-scaled.jpg 2560w, https:\/\/www1.massivmoebel-niesse.de\/wp-content\/uploads\/2020\/10\/Stuhl-WL-06-Zentralfusstisch-Quardo-300x172.jpg 300w, https:\/\/www1.massivmoebel-niesse.de\/wp-content\/uploads\/2020\/10\/Stuhl-WL-06-Zentralfusstisch-Quardo-1024x588.jpg 1024w, https:\/\/www1.massivmoebel-niesse.de\/wp-content\/uploads\/2020\/10\/Stuhl-WL-06-Zentralfusstisch-Quardo-768x441.jpg 768w, https:\/\/www1.massivmoebel-niesse.de\/wp-content\/uploads\/2020\/10\/Stuhl-WL-06-Zentralfusstisch-Quardo-1536x882.jpg 1536w, https:\/\/www1.massivmoebel-niesse.de\/wp-content\/uploads\/2020\/10\/Stuhl-WL-06-Zentralfusstisch-Quardo-2048x1176.jpg 2048w\"\n                data-vp-popup-img-size=\"1920x1102\"\n                data-vp-popup-md-img=\"https:\/\/www1.massivmoebel-niesse.de\/wp-content\/uploads\/2020\/10\/Stuhl-WL-06-Zentralfusstisch-Quardo-scaled.jpg\"\n                data-vp-popup-md-img-size=\"800x459\"\n                data-vp-popup-sm-img=\"https:\/\/www1.massivmoebel-niesse.de\/wp-content\/uploads\/2020\/10\/Stuhl-WL-06-Zentralfusstisch-Quardo-scaled.jpg\"\n                data-vp-popup-sm-img-size=\"500x287\"\n            >\n                                    <h3 class=\"vp-portfolio__item-popup-title\">Wohnzimmer<\/h3>\n                                <\/div>\n                        <figure class=\"vp-portfolio__item\">\n                \n<div class=\"vp-portfolio__item-img-wrap\">\n    <div class=\"vp-portfolio__item-img\">\n        \n        <noscript><img width=\"1280\" height=\"735\" src=\"https:\/\/www1.massivmoebel-niesse.de\/wp-content\/uploads\/2020\/10\/Stuhl-WL-06-Zentralfusstisch-Quardo-scaled.jpg\" class=\"attachment-vp_lg size-vp_lg\" alt=\"\" loading=\"lazy\" srcset=\"https:\/\/www1.massivmoebel-niesse.de\/wp-content\/uploads\/2020\/10\/Stuhl-WL-06-Zentralfusstisch-Quardo-scaled.jpg 2560w, https:\/\/www1.massivmoebel-niesse.de\/wp-content\/uploads\/2020\/10\/Stuhl-WL-06-Zentralfusstisch-Quardo-300x172.jpg 300w, https:\/\/www1.massivmoebel-niesse.de\/wp-content\/uploads\/2020\/10\/Stuhl-WL-06-Zentralfusstisch-Quardo-1024x588.jpg 1024w, https:\/\/www1.massivmoebel-niesse.de\/wp-content\/uploads\/2020\/10\/Stuhl-WL-06-Zentralfusstisch-Quardo-768x441.jpg 768w, https:\/\/www1.massivmoebel-niesse.de\/wp-content\/uploads\/2020\/10\/Stuhl-WL-06-Zentralfusstisch-Quardo-1536x882.jpg 1536w, https:\/\/www1.massivmoebel-niesse.de\/wp-content\/uploads\/2020\/10\/Stuhl-WL-06-Zentralfusstisch-Quardo-2048x1176.jpg 2048w\" sizes=\"(max-width: 1280px) 100vw, 1280px\" \/><\/noscript><img width=\"1280\" height=\"735\" src=\"data:image\/svg+xml;base64,PHN2ZyB3aWR0aD0iMjU2MCIgaGVpZ2h0PSIxNDY5IiB2aWV3Qm94PSIwIDAgMjU2MCAxNDY5IiBmaWxsPSJub25lIiB4bWxucz0iaHR0cDovL3d3dy53My5vcmcvMjAwMC9zdmciPjwvc3ZnPg==\" class=\"attachment-vp_lg size-vp_lg vp-lazyload\" alt=\"\" loading=\"eager\" data-src=\"https:\/\/www1.massivmoebel-niesse.de\/wp-content\/uploads\/2020\/10\/Stuhl-WL-06-Zentralfusstisch-Quardo-scaled.jpg\" data-sizes=\"auto\" data-srcset=\"https:\/\/www1.massivmoebel-niesse.de\/wp-content\/uploads\/2020\/10\/Stuhl-WL-06-Zentralfusstisch-Quardo-scaled.jpg 2560w, https:\/\/www1.massivmoebel-niesse.de\/wp-content\/uploads\/2020\/10\/Stuhl-WL-06-Zentralfusstisch-Quardo-300x172.jpg 300w, https:\/\/www1.massivmoebel-niesse.de\/wp-content\/uploads\/2020\/10\/Stuhl-WL-06-Zentralfusstisch-Quardo-1024x588.jpg 1024w, https:\/\/www1.massivmoebel-niesse.de\/wp-content\/uploads\/2020\/10\/Stuhl-WL-06-Zentralfusstisch-Quardo-768x441.jpg 768w, https:\/\/www1.massivmoebel-niesse.de\/wp-content\/uploads\/2020\/10\/Stuhl-WL-06-Zentralfusstisch-Quardo-1536x882.jpg 1536w, https:\/\/www1.massivmoebel-niesse.de\/wp-content\/uploads\/2020\/10\/Stuhl-WL-06-Zentralfusstisch-Quardo-2048x1176.jpg 2048w\" \/>\n            <\/div>\n<\/div>\n\n<figcaption class=\"vp-portfolio__item-overlay vp-portfolio__item-align-center\">\n    <div class=\"vp-portfolio__item-meta-wrap vp-portfolio__custom-scrollbar\">\n        <span  class=\"vp-portfolio__item-meta\" >\n        \n<h2 class=\"vp-portfolio__item-meta-title\">\n    Wohnzimmer<\/h2>\n\n        <\/span>    <\/div>\n<\/figcaption>\n            <\/figure>\n        <\/div>\n        \n        <div class=\"vp-portfolio__item-wrap vp-portfolio__item-uid-35178737\" data-vp-filter=\"\">\n                        <div class=\"vp-portfolio__item-popup\"\n                style=\"display: none;\"\n                data-vp-popup-img=\"https:\/\/www1.massivmoebel-niesse.de\/wp-content\/uploads\/2020\/11\/sofa-1603928_1920_b.jpg\"\n                data-vp-popup-img-srcset=\"https:\/\/www1.massivmoebel-niesse.de\/wp-content\/uploads\/2020\/11\/sofa-1603928_1920_b.jpg 1920w, https:\/\/www1.massivmoebel-niesse.de\/wp-content\/uploads\/2020\/11\/sofa-1603928_1920_b-300x200.jpg 300w, https:\/\/www1.massivmoebel-niesse.de\/wp-content\/uploads\/2020\/11\/sofa-1603928_1920_b-1024x682.jpg 1024w, https:\/\/www1.massivmoebel-niesse.de\/wp-content\/uploads\/2020\/11\/sofa-1603928_1920_b-768x512.jpg 768w, https:\/\/www1.massivmoebel-niesse.de\/wp-content\/uploads\/2020\/11\/sofa-1603928_1920_b-500x333.jpg 500w, https:\/\/www1.massivmoebel-niesse.de\/wp-content\/uploads\/2020\/11\/sofa-1603928_1920_b-800x533.jpg 800w, https:\/\/www1.massivmoebel-niesse.de\/wp-content\/uploads\/2020\/11\/sofa-1603928_1920_b-1280x853.jpg 1280w, https:\/\/www1.massivmoebel-niesse.de\/wp-content\/uploads\/2020\/11\/sofa-1603928_1920_b-1536x1023.jpg 1536w, https:\/\/www1.massivmoebel-niesse.de\/wp-content\/uploads\/2020\/11\/sofa-1603928_1920_b-600x400.jpg 600w\"\n                data-vp-popup-img-size=\"1920x1279\"\n                data-vp-popup-md-img=\"https:\/\/www1.massivmoebel-niesse.de\/wp-content\/uploads\/2020\/11\/sofa-1603928_1920_b-800x533.jpg\"\n                data-vp-popup-md-img-size=\"800x533\"\n                data-vp-popup-sm-img=\"https:\/\/www1.massivmoebel-niesse.de\/wp-content\/uploads\/2020\/11\/sofa-1603928_1920_b-500x333.jpg\"\n                data-vp-popup-sm-img-size=\"500x333\"\n            >\n                                    <h3 class=\"vp-portfolio__item-popup-title\">Restauration<\/h3>\n                                <\/div>\n                        <figure class=\"vp-portfolio__item\">\n                \n<div class=\"vp-portfolio__item-img-wrap\">\n    <div class=\"vp-portfolio__item-img\">\n        \n        <noscript><img width=\"1280\" height=\"853\" src=\"https:\/\/www1.massivmoebel-niesse.de\/wp-content\/uploads\/2020\/11\/sofa-1603928_1920_b-1280x853.jpg\" class=\"attachment-vp_lg size-vp_lg\" alt=\"\" loading=\"lazy\" srcset=\"https:\/\/www1.massivmoebel-niesse.de\/wp-content\/uploads\/2020\/11\/sofa-1603928_1920_b-1280x853.jpg 1280w, https:\/\/www1.massivmoebel-niesse.de\/wp-content\/uploads\/2020\/11\/sofa-1603928_1920_b-300x200.jpg 300w, https:\/\/www1.massivmoebel-niesse.de\/wp-content\/uploads\/2020\/11\/sofa-1603928_1920_b-1024x682.jpg 1024w, https:\/\/www1.massivmoebel-niesse.de\/wp-content\/uploads\/2020\/11\/sofa-1603928_1920_b-768x512.jpg 768w, https:\/\/www1.massivmoebel-niesse.de\/wp-content\/uploads\/2020\/11\/sofa-1603928_1920_b-500x333.jpg 500w, https:\/\/www1.massivmoebel-niesse.de\/wp-content\/uploads\/2020\/11\/sofa-1603928_1920_b-800x533.jpg 800w, https:\/\/www1.massivmoebel-niesse.de\/wp-content\/uploads\/2020\/11\/sofa-1603928_1920_b-1536x1023.jpg 1536w, https:\/\/www1.massivmoebel-niesse.de\/wp-content\/uploads\/2020\/11\/sofa-1603928_1920_b-600x400.jpg 600w, https:\/\/www1.massivmoebel-niesse.de\/wp-content\/uploads\/2020\/11\/sofa-1603928_1920_b.jpg 1920w\" sizes=\"(max-width: 1280px) 100vw, 1280px\" \/><\/noscript><img width=\"1280\" height=\"853\" src=\"data:image\/svg+xml;base64,PHN2ZyB3aWR0aD0iMTI4MCIgaGVpZ2h0PSI4NTMiIHZpZXdCb3g9IjAgMCAxMjgwIDg1MyIgZmlsbD0ibm9uZSIgeG1sbnM9Imh0dHA6Ly93d3cudzMub3JnLzIwMDAvc3ZnIj48L3N2Zz4=\" class=\"attachment-vp_lg size-vp_lg vp-lazyload\" alt=\"\" loading=\"eager\" data-src=\"https:\/\/www1.massivmoebel-niesse.de\/wp-content\/uploads\/2020\/11\/sofa-1603928_1920_b-1280x853.jpg\" data-sizes=\"auto\" data-srcset=\"https:\/\/www1.massivmoebel-niesse.de\/wp-content\/uploads\/2020\/11\/sofa-1603928_1920_b-1280x853.jpg 1280w, https:\/\/www1.massivmoebel-niesse.de\/wp-content\/uploads\/2020\/11\/sofa-1603928_1920_b-300x200.jpg 300w, https:\/\/www1.massivmoebel-niesse.de\/wp-content\/uploads\/2020\/11\/sofa-1603928_1920_b-1024x682.jpg 1024w, https:\/\/www1.massivmoebel-niesse.de\/wp-content\/uploads\/2020\/11\/sofa-1603928_1920_b-768x512.jpg 768w, https:\/\/www1.massivmoebel-niesse.de\/wp-content\/uploads\/2020\/11\/sofa-1603928_1920_b-500x333.jpg 500w, https:\/\/www1.massivmoebel-niesse.de\/wp-content\/uploads\/2020\/11\/sofa-1603928_1920_b-800x533.jpg 800w, https:\/\/www1.massivmoebel-niesse.de\/wp-content\/uploads\/2020\/11\/sofa-1603928_1920_b-1536x1023.jpg 1536w, https:\/\/www1.massivmoebel-niesse.de\/wp-content\/uploads\/2020\/11\/sofa-1603928_1920_b-600x400.jpg 600w, https:\/\/www1.massivmoebel-niesse.de\/wp-content\/uploads\/2020\/11\/sofa-1603928_1920_b.jpg 1920w\" \/>\n            <\/div>\n<\/div>\n\n<figcaption class=\"vp-portfolio__item-overlay vp-portfolio__item-align-center\">\n    <div class=\"vp-portfolio__item-meta-wrap vp-portfolio__custom-scrollbar\">\n        <span  class=\"vp-portfolio__item-meta\" >\n        \n<h2 class=\"vp-portfolio__item-meta-title\">\n    Restauration<\/h2>\n\n        <\/span>    <\/div>\n<\/figcaption>\n            <\/figure>\n        <\/div>\n        \n<\/div>\n        <\/div>\n        \n<\/div>\n[\/vc_column_text][\/vc_column_inner][\/vc_row_inner][\/vc_column][\/vc_row][vc_row tlg_background_style=&#8220;bg-secondary&#8220; tlg_padding=&#8220;pb0&#8243; el_id=&#8220;wir&#8220;][vc_column css=&#8220;.vc_custom_1603464762166{padding-top: 20px !important;}&#8220;]<div class=\"headings-title\"><div class=\"mb0 mb-xs-40 text-center\"><div style=\"font-size:13px;line-height:18px;text-transform: none!important;\" class=\"widgetsubtitle mb8\">Unsere Reputation spricht f\u00fcr sich<\/div><h4 style=\"text-transform: uppercase!important;\" class=\"widgettitle mb0\">Warum wir?<\/h4><\/div><\/div>[\/vc_column][\/vc_row][vc_row tlg_background_style=&#8220;bg-secondary&#8220;][vc_column][vc_row_inner][vc_column_inner width=&#8220;1\/4&#8243;]<div id=\"iconbox-69f49f688265b\" class=\"\"><div class=\"icon-link\"><div class=\"relative mb0 text-center\">\n\t\t\t\t\t\t\t<i  class=\"ti-cup   inline-block mb16 ms-text icon-lg\"><\/i>\n\t\t\t\t\t\t\t<h5  class=\"widgettitle mb0\">Individuel<\/h5>\n\t\t\t\t\t\t\t<div  class=\"widgetsubtitle mb16\">So wie Sie es sind<\/div>\n\t\t\t\t\t\t\t<div  class=\"icon-content\"><\/div> \n\t\t\t\t\t\t<\/div><\/div><\/div>[\/vc_column_inner][vc_column_inner width=&#8220;1\/4&#8243;]<div id=\"iconbox-69f49f6882678\" class=\"\"><div class=\"icon-link\"><div class=\"relative mb0 text-center\">\n\t\t\t\t\t\t\t<i  class=\"ti-thumb-up   inline-block mb16 ms-text icon-lg\"><\/i>\n\t\t\t\t\t\t\t<h5  class=\"widgettitle mb0\">Qualitativ<\/h5>\n\t\t\t\t\t\t\t<div  class=\"widgetsubtitle mb16\">\u00dcberzeugen Sie sich selbs<\/div>\n\t\t\t\t\t\t\t<div  class=\"icon-content\"><\/div> \n\t\t\t\t\t\t<\/div><\/div><\/div>[\/vc_column_inner][vc_column_inner width=&#8220;1\/4&#8243;]<div id=\"iconbox-69f49f6882685\" class=\"\"><div class=\"icon-link\"><div class=\"relative mb0 text-center\">\n\t\t\t\t\t\t\t<i  class=\"ti-crown   inline-block mb16 ms-text icon-lg\"><\/i>\n\t\t\t\t\t\t\t<h5  class=\"widgettitle mb0\">Kundenorientiert<\/h5>\n\t\t\t\t\t\t\t<div  class=\"widgetsubtitle mb16\">Der Kunde ist der K\u00f6nig<\/div>\n\t\t\t\t\t\t\t<div  class=\"icon-content\"><\/div> \n\t\t\t\t\t\t<\/div><\/div><\/div>[\/vc_column_inner][vc_column_inner width=&#8220;1\/4&#8243; offset=&#8220;vc_hidden-sm vc_hidden-xs&#8220;]<div id=\"iconbox-69f49f6882691\" class=\"\"><div class=\"icon-link\"><div class=\"relative mb0 text-center\">\n\t\t\t\t\t\t\t<i  class=\"ti-comments   inline-block mb16 ms-text icon-lg\"><\/i>\n\t\t\t\t\t\t\t<h5  class=\"widgettitle mb0\">Zuverl\u00e4ssig<\/h5>\n\t\t\t\t\t\t\t<div  class=\"widgetsubtitle mb16\">Sie stehen im Vordergrund<\/div>\n\t\t\t\t\t\t\t<div  class=\"icon-content\"><\/div> \n\t\t\t\t\t\t<\/div><\/div><\/div>[\/vc_column_inner][\/vc_row_inner][vc_row_inner][vc_column_inner offset=&#8220;vc_hidden-md vc_hidden-sm vc_hidden-xs&#8220;]<div class=\"tlg-spacer\" data-height=\"70\" data-height-tablet=\"15\" data-height-mobile=\"70\" style=\"clear:both;display:block;height:70px;\"><\/div>[\/vc_column_inner][\/vc_row_inner][vc_row_inner][vc_column_inner width=&#8220;1\/4&#8243; offset=&#8220;vc_hidden-sm vc_hidden-xs&#8220;]<div id=\"iconbox-69f49f68826b6\" class=\"\"><div class=\"icon-link\"><a class=\"inherit\" href= \"https:\/\/www1.massivmoebel-niesse.de\/#gallery\" target=\"_self\" ><div class=\"relative mb0 text-center\">\n\t\t\t\t\t\t\t<i  class=\"ti-infinite   inline-block mb16 ms-text icon-lg\"><\/i>\n\t\t\t\t\t\t\t<h5  class=\"widgettitle mb0\">Modern<\/h5>\n\t\t\t\t\t\t\t<div  class=\"widgetsubtitle mb16\">Im Schritt mit der Zeit<\/div>\n\t\t\t\t\t\t\t<div  class=\"icon-content\"><\/div> \n\t\t\t\t\t\t<\/div><\/a><\/div><\/div>[\/vc_column_inner][vc_column_inner width=&#8220;1\/4&#8243; offset=&#8220;vc_hidden-sm vc_hidden-xs&#8220;]<div id=\"iconbox-69f49f6882703\" class=\"\"><div class=\"icon-link\"><a class=\"inherit\" href= \"https:\/\/www1.massivmoebel-niesse.de\/#gallery\" target=\"_self\" ><div class=\"relative mb0 text-center\">\n\t\t\t\t\t\t\t<i  class=\"ti-loop   inline-block mb16 ms-text icon-lg\"><\/i>\n\t\t\t\t\t\t\t<h5  class=\"widgettitle mb0\">Klassisch<\/h5>\n\t\t\t\t\t\t\t<div  class=\"widgetsubtitle mb16\">Nah an der Vergangenheit<\/div>\n\t\t\t\t\t\t\t<div  class=\"icon-content\"><\/div> \n\t\t\t\t\t\t<\/div><\/a><\/div><\/div>[\/vc_column_inner][vc_column_inner width=&#8220;1\/4&#8243; offset=&#8220;vc_hidden-sm vc_hidden-xs&#8220;]<div id=\"iconbox-69f49f688271d\" class=\"\"><div class=\"icon-link\"><div class=\"relative mb0 text-center\">\n\t\t\t\t\t\t\t<i  class=\"ti-timer   inline-block mb16 ms-text icon-lg\"><\/i>\n\t\t\t\t\t\t\t<h5  class=\"widgettitle mb0\">Traditionsbetrieb<\/h5>\n\t\t\t\t\t\t\t<div  class=\"widgetsubtitle mb16\">Unternehmen mit Erfahrung<\/div>\n\t\t\t\t\t\t\t<div  class=\"icon-content\"><\/div> \n\t\t\t\t\t\t<\/div><\/div><\/div>[\/vc_column_inner][vc_column_inner width=&#8220;1\/4&#8243; offset=&#8220;vc_hidden-sm vc_hidden-xs&#8220;]<div id=\"iconbox-69f49f688272b\" class=\"\"><div class=\"icon-link\"><a class=\"inherit\" href= \"https:\/\/www1.massivmoebel-niesse.de\/?page_id=2041\" target=\"_self\" ><div class=\"relative mb0 text-center\">\n\t\t\t\t\t\t\t<i  class=\"ti-heart   inline-block mb16 ms-text icon-lg\"><\/i>\n\t\t\t\t\t\t\t<h5  class=\"widgettitle mb0\">Nachhaltig<\/h5>\n\t\t\t\t\t\t\t<div  class=\"widgetsubtitle mb16\">Aus Liebe zur Natur<\/div>\n\t\t\t\t\t\t\t<div  class=\"icon-content\"><\/div> \n\t\t\t\t\t\t<\/div><\/a><\/div><\/div>[\/vc_column_inner][\/vc_row_inner][\/vc_column][\/vc_row][vc_row tlg_background_style=&#8220;bg-secondary&#8220; el_id=&#8220;gallery&#8220;][vc_column css=&#8220;.vc_custom_1603467091036{margin-top: -50px !important;}&#8220;]<div class=\"headings-title\"><div class=\"mb72 mb-xs-40 text-center\"><div style=\"font-size:12px;line-height:17px;text-transform: none!important;\" class=\"widgetsubtitle mb8\">Diese M\u00f6bel sind zugleich Kunst<\/div><h4 style=\"text-transform: uppercase!important;\" class=\"widgettitle mb0\">Vielf\u00e4ltigkeit<\/h4><\/div><\/div><div class=\"text-right\"><a class=\" link-dark inline-block\" href= \"http:\/\/test_test_test\/\" target='_blank'  ><i style=\"font-size:24px;margin:0 10px;\" class=\"ti-instagram  inline-block\"><\/i><\/a><a class=\" link-dark inline-block\" href= \"https:\/\/www.facebook.com\/J.Spannhoff\" target='_blank'  ><i style=\"font-size:24px;margin:0 10px;\" class=\"ti-facebook  inline-block\"><\/i><\/a><\/div>[vc_row_inner][vc_column_inner offset=&#8220;vc_hidden-md vc_hidden-sm vc_hidden-xs&#8220;][vc_column_text]<style>#jtg-4249 .modula-item .jtg-social a, .lightbox-socials.jtg-social a{ color: #ffffff }#jtg-4249 .modula-item .jtg-social svg, .lightbox-socials.jtg-social svg { height: 16px; width: 16px }#jtg-4249 .modula-item .jtg-social a:not(:last-child), .lightbox-socials.jtg-social a:not(:last-child) { margin-right: 10px }#jtg-4249 .modula-item .caption { background-color: #ffffff;  }#jtg-4249 .modula-item .figc {color:#ffffff;}#jtg-4249 .modula-item .modula-item-content { transform: scale(1) }#jtg-4249 .modula-items .figc p.description { font-size:14px; }#jtg-4249 .modula-items .figc p.description { color:#ffffff;}#jtg-4249 .modula-items .figc .jtg-title { color:#ffffff; }#jtg-4249.modula-gallery .modula-item > a, #jtg-4249.modula-gallery .modula-item, #jtg-4249.modula-gallery .modula-item-content > a { cursor:zoom-in; } @media screen and (max-width:480px){#jtg-4249 .modula-item .figc .jtg-title {  font-size: 12px; }#jtg-4249 .modula-items .figc p.description { color:#ffffff;font-size:10px; }}<\/style>\n<!-- Gallery Container -->\n<div  id=\"jtg-4249\" class=\"modula modula-gallery modula-custom-grid\" data-config=\"{&quot;height&quot;:800,&quot;enableTwitter&quot;:false,&quot;enableWhatsapp&quot;:false,&quot;enableFacebook&quot;:false,&quot;enablePinterest&quot;:false,&quot;enableLinkedin&quot;:false,&quot;enableEmail&quot;:false,&quot;randomFactor&quot;:0.5,&quot;type&quot;:&quot;custom-grid&quot;,&quot;columns&quot;:12,&quot;gutter&quot;:20,&quot;enableResponsive&quot;:&quot;0&quot;,&quot;tabletColumns&quot;:&quot;2&quot;,&quot;mobileColumns&quot;:&quot;1&quot;,&quot;lazyLoad&quot;:&quot;0&quot;,&quot;lightboxOpts&quot;:{&quot;loop&quot;:false,&quot;arrows&quot;:true,&quot;toolbar&quot;:true,&quot;keyboard&quot;:false,&quot;wheel&quot;:false,&quot;buttons&quot;:[&quot;close&quot;],&quot;hash&quot;:false,&quot;lang&quot;:&quot;en&quot;,&quot;touch&quot;:false,&quot;protect&quot;:false,&quot;i18n&quot;:{&quot;en&quot;:{&quot;CLOSE&quot;:&quot;Close&quot;,&quot;NEXT&quot;:&quot;Next&quot;,&quot;PREV&quot;:&quot;Previous&quot;,&quot;Error&quot;:&quot;The requested content cannot be loaded. Please try again later.&quot;,&quot;PLAY_START&quot;:&quot;Start slideshow&quot;,&quot;PLAY_STOP&quot;:&quot;Pause slideshow&quot;,&quot;FULL_SCREEN&quot;:&quot;Full screen&quot;,&quot;THUMBS&quot;:&quot;Thumbnails&quot;,&quot;DOWNLOAD&quot;:&quot;Download&quot;,&quot;SHARE&quot;:&quot;Share&quot;,&quot;ZOOM&quot;:&quot;Zoom&quot;}},&quot;clickSlide&quot;:false,&quot;clickOutside&quot;:false,&quot;dblclickContent&quot;:false,&quot;dblclickSlide&quot;:false,&quot;dblclickOutside&quot;:false,&quot;clickContent&quot;:false},&quot;inView&quot;:false,&quot;email_subject&quot;:&quot;Check out this awesome image !!&quot;,&quot;email_message&quot;:&quot;Here is the link to the image : %%image_link%% and this is the link to the gallery : %%gallery_link%%&quot;,&quot;lightbox&quot;:&quot;fancybox&quot;}\">\n\n\t\n\t<!-- Items Container -->\n\t<div  class=\"modula-items\">\n\t\t<div class=\"modula-item effect-pufrobo\" data-width=\"2\" data-height=\"2\" >\n\t<div class=\"modula-item-overlay\"><\/div>\n\n\t<div class=\"modula-item-content\">\n\n\t\t\t\t\n\t\t\t\t\t<a data-image-id=\"5125\" href=\"https:\/\/www1.massivmoebel-niesse.de\/wp-content\/uploads\/2020\/10\/IMG_1496-scaled.jpg\" rel=\"jtg-4249\" data-caption=\"\" class=\"tile-inner modula-item-link\"><\/a>\n\t\t\n\t\t\n\t\t<img class='pic' data-valign=\"middle\" data-halign=\"center\" alt=\"\" data-full=\"https:\/\/www1.massivmoebel-niesse.de\/wp-content\/uploads\/2020\/10\/IMG_1496.jpg\" src=\"https:\/\/www1.massivmoebel-niesse.de\/wp-content\/uploads\/2020\/10\/IMG_1496-scaled-1600x1600.jpg\" data-src=\"https:\/\/www1.massivmoebel-niesse.de\/wp-content\/uploads\/2020\/10\/IMG_1496-scaled-1600x1600.jpg\" data-caption=\"\"\/>\n\n\t\t\n\t\t<div class=\"figc no-description\">\n\t\t\t<div class=\"figc-inner\">\n\t\t\t\t\t\t\t\t\t\t\t\t\t\t\t<\/div>\n\t\t<\/div>\n\n\t<\/div>\n\n<\/div><div class=\"modula-item effect-pufrobo\" data-width=\"2\" data-height=\"2\" >\n\t<div class=\"modula-item-overlay\"><\/div>\n\n\t<div class=\"modula-item-content\">\n\n\t\t\t\t\n\t\t\t\t\t<a data-image-id=\"5139\" href=\"https:\/\/www1.massivmoebel-niesse.de\/wp-content\/uploads\/2020\/10\/P01015-181712-scaled.jpg\" rel=\"jtg-4249\" data-caption=\"\" class=\"tile-inner modula-item-link\"><\/a>\n\t\t\n\t\t\n\t\t<img class='pic' data-valign=\"middle\" data-halign=\"center\" alt=\"\" data-full=\"https:\/\/www1.massivmoebel-niesse.de\/wp-content\/uploads\/2020\/10\/P01015-181712.jpg\" src=\"https:\/\/www1.massivmoebel-niesse.de\/wp-content\/uploads\/2020\/10\/P01015-181712-scaled-1600x1600.jpg\" data-src=\"https:\/\/www1.massivmoebel-niesse.de\/wp-content\/uploads\/2020\/10\/P01015-181712-scaled-1600x1600.jpg\" data-caption=\"\"\/>\n\n\t\t\n\t\t<div class=\"figc no-description\">\n\t\t\t<div class=\"figc-inner\">\n\t\t\t\t\t\t\t\t\t\t\t\t\t\t\t<\/div>\n\t\t<\/div>\n\n\t<\/div>\n\n<\/div><div class=\"modula-item effect-pufrobo\" data-width=\"2\" data-height=\"2\" >\n\t<div class=\"modula-item-overlay\"><\/div>\n\n\t<div class=\"modula-item-content\">\n\n\t\t\t\t\n\t\t\t\t\t<a data-image-id=\"5123\" href=\"https:\/\/www1.massivmoebel-niesse.de\/wp-content\/uploads\/2020\/10\/IMG_0475-scaled.jpg\" rel=\"jtg-4249\" data-caption=\"\" class=\"tile-inner modula-item-link\"><\/a>\n\t\t\n\t\t\n\t\t<img class='pic' data-valign=\"middle\" data-halign=\"center\" alt=\"\" data-full=\"https:\/\/www1.massivmoebel-niesse.de\/wp-content\/uploads\/2020\/10\/IMG_0475.jpg\" src=\"https:\/\/www1.massivmoebel-niesse.de\/wp-content\/uploads\/2020\/10\/IMG_0475-scaled-1600x1600.jpg\" data-src=\"https:\/\/www1.massivmoebel-niesse.de\/wp-content\/uploads\/2020\/10\/IMG_0475-scaled-1600x1600.jpg\" data-caption=\"\"\/>\n\n\t\t\n\t\t<div class=\"figc no-description\">\n\t\t\t<div class=\"figc-inner\">\n\t\t\t\t\t\t\t\t\t\t\t\t\t\t\t<\/div>\n\t\t<\/div>\n\n\t<\/div>\n\n<\/div><div class=\"modula-item effect-pufrobo\" data-width=\"2\" data-height=\"2\" >\n\t<div class=\"modula-item-overlay\"><\/div>\n\n\t<div class=\"modula-item-content\">\n\n\t\t\t\t\n\t\t\t\t\t<a data-image-id=\"5136\" href=\"https:\/\/www1.massivmoebel-niesse.de\/wp-content\/uploads\/2020\/10\/P01015-173443-scaled.jpg\" rel=\"jtg-4249\" data-caption=\"\" class=\"tile-inner modula-item-link\"><\/a>\n\t\t\n\t\t\n\t\t<img class='pic' data-valign=\"middle\" data-halign=\"center\" alt=\"\" data-full=\"https:\/\/www1.massivmoebel-niesse.de\/wp-content\/uploads\/2020\/10\/P01015-173443.jpg\" src=\"https:\/\/www1.massivmoebel-niesse.de\/wp-content\/uploads\/2020\/10\/P01015-173443-scaled-1600x1600.jpg\" data-src=\"https:\/\/www1.massivmoebel-niesse.de\/wp-content\/uploads\/2020\/10\/P01015-173443-scaled-1600x1600.jpg\" data-caption=\"\"\/>\n\n\t\t\n\t\t<div class=\"figc no-description\">\n\t\t\t<div class=\"figc-inner\">\n\t\t\t\t\t\t\t\t\t\t\t\t\t\t\t<\/div>\n\t\t<\/div>\n\n\t<\/div>\n\n<\/div><div class=\"modula-item effect-pufrobo\" data-width=\"2\" data-height=\"2\" >\n\t<div class=\"modula-item-overlay\"><\/div>\n\n\t<div class=\"modula-item-content\">\n\n\t\t\t\t\n\t\t\t\t\t<a data-image-id=\"5387\" href=\"https:\/\/www1.massivmoebel-niesse.de\/wp-content\/uploads\/2020\/11\/DSC00511-scaled.jpg\" rel=\"jtg-4249\" data-caption=\"\" class=\"tile-inner modula-item-link\"><\/a>\n\t\t\n\t\t\n\t\t<img class='pic' data-valign=\"middle\" data-halign=\"center\" alt=\"\" data-full=\"https:\/\/www1.massivmoebel-niesse.de\/wp-content\/uploads\/2020\/11\/DSC00511.jpg\" src=\"https:\/\/www1.massivmoebel-niesse.de\/wp-content\/uploads\/2020\/11\/DSC00511-scaled-1600x1600.jpg\" data-src=\"https:\/\/www1.massivmoebel-niesse.de\/wp-content\/uploads\/2020\/11\/DSC00511-scaled-1600x1600.jpg\" data-caption=\"\"\/>\n\n\t\t\n\t\t<div class=\"figc no-description\">\n\t\t\t<div class=\"figc-inner\">\n\t\t\t\t\t\t\t\t\t\t\t\t\t\t\t<\/div>\n\t\t<\/div>\n\n\t<\/div>\n\n<\/div><div class=\"modula-item effect-pufrobo\" data-width=\"2\" data-height=\"2\" >\n\t<div class=\"modula-item-overlay\"><\/div>\n\n\t<div class=\"modula-item-content\">\n\n\t\t\t\t\n\t\t\t\t\t<a data-image-id=\"5127\" href=\"https:\/\/www1.massivmoebel-niesse.de\/wp-content\/uploads\/2020\/10\/IMG_20190622_092448-scaled.jpg\" rel=\"jtg-4249\" data-caption=\"\" class=\"tile-inner modula-item-link\"><\/a>\n\t\t\n\t\t\n\t\t<img class='pic' data-valign=\"middle\" data-halign=\"center\" alt=\"\" data-full=\"https:\/\/www1.massivmoebel-niesse.de\/wp-content\/uploads\/2020\/10\/IMG_20190622_092448.jpg\" src=\"https:\/\/www1.massivmoebel-niesse.de\/wp-content\/uploads\/2020\/10\/IMG_20190622_092448-scaled-1600x1600.jpg\" data-src=\"https:\/\/www1.massivmoebel-niesse.de\/wp-content\/uploads\/2020\/10\/IMG_20190622_092448-scaled-1600x1600.jpg\" data-caption=\"\"\/>\n\n\t\t\n\t\t<div class=\"figc no-description\">\n\t\t\t<div class=\"figc-inner\">\n\t\t\t\t\t\t\t\t\t\t\t\t\t\t\t<\/div>\n\t\t<\/div>\n\n\t<\/div>\n\n<\/div><div class=\"modula-item effect-pufrobo\" data-width=\"2\" data-height=\"2\" >\n\t<div class=\"modula-item-overlay\"><\/div>\n\n\t<div class=\"modula-item-content\">\n\n\t\t\t\t\n\t\t\t\t\t<a data-image-id=\"5148\" href=\"https:\/\/www1.massivmoebel-niesse.de\/wp-content\/uploads\/2020\/10\/IMG-20191211-WA0004-1.jpg\" rel=\"jtg-4249\" data-caption=\"\" class=\"tile-inner modula-item-link\"><\/a>\n\t\t\n\t\t\n\t\t<img class='pic' data-valign=\"middle\" data-halign=\"center\" alt=\"\" data-full=\"https:\/\/www1.massivmoebel-niesse.de\/wp-content\/uploads\/2020\/10\/IMG-20191211-WA0004-1.jpg\" src=\"https:\/\/www1.massivmoebel-niesse.de\/wp-content\/uploads\/2020\/10\/IMG-20191211-WA0004-1-1600x1600.jpg\" data-src=\"https:\/\/www1.massivmoebel-niesse.de\/wp-content\/uploads\/2020\/10\/IMG-20191211-WA0004-1-1600x1600.jpg\" data-caption=\"\"\/>\n\n\t\t\n\t\t<div class=\"figc no-description\">\n\t\t\t<div class=\"figc-inner\">\n\t\t\t\t\t\t\t\t\t\t\t\t\t\t\t<\/div>\n\t\t<\/div>\n\n\t<\/div>\n\n<\/div><div class=\"modula-item effect-pufrobo\" data-width=\"2\" data-height=\"2\" >\n\t<div class=\"modula-item-overlay\"><\/div>\n\n\t<div class=\"modula-item-content\">\n\n\t\t\t\t\n\t\t\t\t\t<a data-image-id=\"5174\" href=\"https:\/\/www1.massivmoebel-niesse.de\/wp-content\/uploads\/2020\/10\/IMG_1826-2-1-scaled.jpg\" rel=\"jtg-4249\" data-caption=\"\" class=\"tile-inner modula-item-link\"><\/a>\n\t\t\n\t\t\n\t\t<img class='pic' data-valign=\"middle\" data-halign=\"center\" alt=\"\" data-full=\"https:\/\/www1.massivmoebel-niesse.de\/wp-content\/uploads\/2020\/10\/IMG_1826-2-1.jpg\" src=\"https:\/\/www1.massivmoebel-niesse.de\/wp-content\/uploads\/2020\/10\/IMG_1826-2-1-scaled-1600x1600.jpg\" data-src=\"https:\/\/www1.massivmoebel-niesse.de\/wp-content\/uploads\/2020\/10\/IMG_1826-2-1-scaled-1600x1600.jpg\" data-caption=\"\"\/>\n\n\t\t\n\t\t<div class=\"figc no-description\">\n\t\t\t<div class=\"figc-inner\">\n\t\t\t\t\t\t\t\t\t\t\t\t\t\t\t<\/div>\n\t\t<\/div>\n\n\t<\/div>\n\n<\/div><div class=\"modula-item effect-pufrobo\" data-width=\"2\" data-height=\"2\" >\n\t<div class=\"modula-item-overlay\"><\/div>\n\n\t<div class=\"modula-item-content\">\n\n\t\t\t\t\n\t\t\t\t\t<a data-image-id=\"5140\" href=\"https:\/\/www1.massivmoebel-niesse.de\/wp-content\/uploads\/2020\/10\/P01015-182826-scaled.jpg\" rel=\"jtg-4249\" data-caption=\"\" class=\"tile-inner modula-item-link\"><\/a>\n\t\t\n\t\t\n\t\t<img class='pic' data-valign=\"middle\" data-halign=\"center\" alt=\"\" data-full=\"https:\/\/www1.massivmoebel-niesse.de\/wp-content\/uploads\/2020\/10\/P01015-182826.jpg\" src=\"https:\/\/www1.massivmoebel-niesse.de\/wp-content\/uploads\/2020\/10\/P01015-182826-scaled-1600x1600.jpg\" data-src=\"https:\/\/www1.massivmoebel-niesse.de\/wp-content\/uploads\/2020\/10\/P01015-182826-scaled-1600x1600.jpg\" data-caption=\"\"\/>\n\n\t\t\n\t\t<div class=\"figc no-description\">\n\t\t\t<div class=\"figc-inner\">\n\t\t\t\t\t\t\t\t\t\t\t\t\t\t\t<\/div>\n\t\t<\/div>\n\n\t<\/div>\n\n<\/div><div class=\"modula-item effect-pufrobo\" data-width=\"2\" data-height=\"2\" >\n\t<div class=\"modula-item-overlay\"><\/div>\n\n\t<div class=\"modula-item-content\">\n\n\t\t\t\t\n\t\t\t\t\t<a data-image-id=\"5117\" href=\"https:\/\/www1.massivmoebel-niesse.de\/wp-content\/uploads\/2020\/10\/4234344-scaled.jpg\" rel=\"jtg-4249\" data-caption=\"\" class=\"tile-inner modula-item-link\"><\/a>\n\t\t\n\t\t\n\t\t<img class='pic' data-valign=\"middle\" data-halign=\"center\" alt=\"\" data-full=\"https:\/\/www1.massivmoebel-niesse.de\/wp-content\/uploads\/2020\/10\/4234344.jpg\" src=\"https:\/\/www1.massivmoebel-niesse.de\/wp-content\/uploads\/2020\/10\/4234344-scaled-1600x1600.jpg\" data-src=\"https:\/\/www1.massivmoebel-niesse.de\/wp-content\/uploads\/2020\/10\/4234344-scaled-1600x1600.jpg\" data-caption=\"\"\/>\n\n\t\t\n\t\t<div class=\"figc no-description\">\n\t\t\t<div class=\"figc-inner\">\n\t\t\t\t\t\t\t\t\t\t\t\t\t\t\t<\/div>\n\t\t<\/div>\n\n\t<\/div>\n\n<\/div><div class=\"modula-item effect-pufrobo\" data-width=\"2\" data-height=\"2\" >\n\t<div class=\"modula-item-overlay\"><\/div>\n\n\t<div class=\"modula-item-content\">\n\n\t\t\t\t\n\t\t\t\t\t<a data-image-id=\"5137\" href=\"https:\/\/www1.massivmoebel-niesse.de\/wp-content\/uploads\/2020\/10\/P01015-173611-scaled.jpg\" rel=\"jtg-4249\" data-caption=\"\" class=\"tile-inner modula-item-link\"><\/a>\n\t\t\n\t\t\n\t\t<img class='pic' data-valign=\"middle\" data-halign=\"center\" alt=\"\" data-full=\"https:\/\/www1.massivmoebel-niesse.de\/wp-content\/uploads\/2020\/10\/P01015-173611.jpg\" src=\"https:\/\/www1.massivmoebel-niesse.de\/wp-content\/uploads\/2020\/10\/P01015-173611-scaled-1600x1600.jpg\" data-src=\"https:\/\/www1.massivmoebel-niesse.de\/wp-content\/uploads\/2020\/10\/P01015-173611-scaled-1600x1600.jpg\" data-caption=\"\"\/>\n\n\t\t\n\t\t<div class=\"figc no-description\">\n\t\t\t<div class=\"figc-inner\">\n\t\t\t\t\t\t\t\t\t\t\t\t\t\t\t<\/div>\n\t\t<\/div>\n\n\t<\/div>\n\n<\/div><div class=\"modula-item effect-pufrobo\" data-width=\"2\" data-height=\"2\" >\n\t<div class=\"modula-item-overlay\"><\/div>\n\n\t<div class=\"modula-item-content\">\n\n\t\t\t\t\n\t\t\t\t\t<a data-image-id=\"5147\" href=\"https:\/\/www1.massivmoebel-niesse.de\/wp-content\/uploads\/2020\/10\/IMG_1498-1-scaled.jpg\" rel=\"jtg-4249\" data-caption=\"\" class=\"tile-inner modula-item-link\"><\/a>\n\t\t\n\t\t\n\t\t<img class='pic' data-valign=\"middle\" data-halign=\"center\" alt=\"\" data-full=\"https:\/\/www1.massivmoebel-niesse.de\/wp-content\/uploads\/2020\/10\/IMG_1498-1.jpg\" src=\"https:\/\/www1.massivmoebel-niesse.de\/wp-content\/uploads\/2020\/10\/IMG_1498-1-scaled-1600x1600.jpg\" data-src=\"https:\/\/www1.massivmoebel-niesse.de\/wp-content\/uploads\/2020\/10\/IMG_1498-1-scaled-1600x1600.jpg\" data-caption=\"\"\/>\n\n\t\t\n\t\t<div class=\"figc no-description\">\n\t\t\t<div class=\"figc-inner\">\n\t\t\t\t\t\t\t\t\t\t\t\t\t\t\t<\/div>\n\t\t<\/div>\n\n\t<\/div>\n\n<\/div>\t\t\n\t<\/div>\n\n\t\n\t\n\t<script type=\"application\/ld+json\">\n\t{\n\t\t\"@context\": \"http:\/\/schema.org\",\n\t\t\"@type\"   : \"ImageGallery\",\n\t\t\"id\"      : \"https:\/\/www1.massivmoebel-niesse.de\",\n\t\t\"url\"     : \"https:\/\/www1.massivmoebel-niesse.de\"\n\t}\n\n    <\/script>\n\n\t\n<\/div>[\/vc_column_text][\/vc_column_inner][\/vc_row_inner][vc_row_inner][vc_column_inner offset=&#8220;vc_hidden-lg&#8220;][vc_column_text]<style>#jtg-4838 .modula-item .jtg-social a, .lightbox-socials.jtg-social a{ color: #ffffff }#jtg-4838 .modula-item .jtg-social svg, .lightbox-socials.jtg-social svg { height: 16px; width: 16px }#jtg-4838 .modula-item .jtg-social a:not(:last-child), .lightbox-socials.jtg-social a:not(:last-child) { margin-right: 10px }#jtg-4838 .modula-item .caption { background-color: #ffffff;  }#jtg-4838 .modula-item .figc {color:#ffffff;}#jtg-4838 .modula-item .modula-item-content { transform: scale(1) }#jtg-4838 { width:100%;}#jtg-4838 .modula-items .figc p.description { font-size:14px; }#jtg-4838 .modula-items .figc p.description { color:#ffffff;}#jtg-4838 .modula-items .figc .jtg-title { color:#ffffff; }#jtg-4838.modula-gallery .modula-item > a, #jtg-4838.modula-gallery .modula-item, #jtg-4838.modula-gallery .modula-item-content > a { cursor:zoom-in; } #jtg-4838.modula-gallery .modula-item, .modula-gallery .modula-grid-sizer { width: calc(50% - 3px) !important ; } #jtg-4838 .modula-items{position:relative;}@media screen and (max-width:480px){#jtg-4838 .modula-item .figc .jtg-title {  font-size: 12px; }#jtg-4838 .modula-items .figc p.description { color:#ffffff;font-size:10px; }}<\/style>\n<!-- Gallery Container -->\n<div  id=\"jtg-4838\" class=\"modula modula-gallery modula-columns\" data-config=\"{&quot;enableTwitter&quot;:false,&quot;enableWhatsapp&quot;:false,&quot;enableFacebook&quot;:false,&quot;enablePinterest&quot;:false,&quot;enableLinkedin&quot;:false,&quot;enableEmail&quot;:false,&quot;randomFactor&quot;:0.5,&quot;type&quot;:&quot;grid&quot;,&quot;columns&quot;:12,&quot;gutter&quot;:3,&quot;enableResponsive&quot;:&quot;0&quot;,&quot;tabletColumns&quot;:&quot;2&quot;,&quot;mobileColumns&quot;:&quot;1&quot;,&quot;lazyLoad&quot;:&quot;0&quot;,&quot;lightboxOpts&quot;:{&quot;loop&quot;:false,&quot;arrows&quot;:true,&quot;toolbar&quot;:true,&quot;keyboard&quot;:false,&quot;wheel&quot;:false,&quot;buttons&quot;:[&quot;close&quot;],&quot;hash&quot;:false,&quot;lang&quot;:&quot;en&quot;,&quot;touch&quot;:false,&quot;protect&quot;:false,&quot;i18n&quot;:{&quot;en&quot;:{&quot;CLOSE&quot;:&quot;Close&quot;,&quot;NEXT&quot;:&quot;Next&quot;,&quot;PREV&quot;:&quot;Previous&quot;,&quot;Error&quot;:&quot;The requested content cannot be loaded. Please try again later.&quot;,&quot;PLAY_START&quot;:&quot;Start slideshow&quot;,&quot;PLAY_STOP&quot;:&quot;Pause slideshow&quot;,&quot;FULL_SCREEN&quot;:&quot;Full screen&quot;,&quot;THUMBS&quot;:&quot;Thumbnails&quot;,&quot;DOWNLOAD&quot;:&quot;Download&quot;,&quot;SHARE&quot;:&quot;Share&quot;,&quot;ZOOM&quot;:&quot;Zoom&quot;}},&quot;clickSlide&quot;:false,&quot;clickOutside&quot;:false,&quot;dblclickContent&quot;:false,&quot;dblclickSlide&quot;:false,&quot;dblclickOutside&quot;:false,&quot;clickContent&quot;:false},&quot;inView&quot;:false,&quot;email_subject&quot;:&quot;Check out this awesome image !!&quot;,&quot;email_message&quot;:&quot;Here is the link to the image : %%image_link%% and this is the link to the gallery : %%gallery_link%%&quot;,&quot;grid_type&quot;:&quot;2&quot;,&quot;rowHeight&quot;:150,&quot;lastRow&quot;:&quot;justify&quot;,&quot;lightbox&quot;:&quot;fancybox&quot;}\">\n\n\t<div class=\"modula-grid-sizer\"> <\/div>\n\t<!-- Items Container -->\n\t<div  class=\"modula-items grid-gallery\">\n\t\t<div class=\"modula-item effect-pufrobo\" >\n\t<div class=\"modula-item-overlay\"><\/div>\n\n\t<div class=\"modula-item-content\">\n\n\t\t\t\t\n\t\t\t\t\t<a data-image-id=\"5125\" href=\"https:\/\/www1.massivmoebel-niesse.de\/wp-content\/uploads\/2020\/10\/IMG_1496-scaled.jpg\" rel=\"jtg-4838\" data-caption=\"\" class=\"tile-inner modula-item-link\"><\/a>\n\t\t\n\t\t\n\t\t<img class='pic' data-valign=\"middle\" data-halign=\"center\" alt=\"\" data-full=\"https:\/\/www1.massivmoebel-niesse.de\/wp-content\/uploads\/2020\/10\/IMG_1496.jpg\" width=\"650\" height=\"600\" src=\"https:\/\/www1.massivmoebel-niesse.de\/wp-content\/uploads\/2020\/10\/IMG_1496-650x600.jpg\" data-src=\"https:\/\/www1.massivmoebel-niesse.de\/wp-content\/uploads\/2020\/10\/IMG_1496-650x600.jpg\" data-caption=\"\"\/>\n\n\t\t\n\t\t<div class=\"figc no-description\">\n\t\t\t<div class=\"figc-inner\">\n\t\t\t\t\t\t\t\t\t\t\t\t\t\t\t<\/div>\n\t\t<\/div>\n\n\t<\/div>\n\n<\/div><div class=\"modula-item effect-pufrobo\" >\n\t<div class=\"modula-item-overlay\"><\/div>\n\n\t<div class=\"modula-item-content\">\n\n\t\t\t\t\n\t\t\t\t\t<a data-image-id=\"5140\" href=\"https:\/\/www1.massivmoebel-niesse.de\/wp-content\/uploads\/2020\/10\/P01015-182826-scaled.jpg\" rel=\"jtg-4838\" data-caption=\"\" class=\"tile-inner modula-item-link\"><\/a>\n\t\t\n\t\t\n\t\t<img class='pic' data-valign=\"middle\" data-halign=\"center\" alt=\"\" data-full=\"https:\/\/www1.massivmoebel-niesse.de\/wp-content\/uploads\/2020\/10\/P01015-182826.jpg\" width=\"650\" height=\"600\" src=\"https:\/\/www1.massivmoebel-niesse.de\/wp-content\/uploads\/2020\/10\/P01015-182826-650x600.jpg\" data-src=\"https:\/\/www1.massivmoebel-niesse.de\/wp-content\/uploads\/2020\/10\/P01015-182826-650x600.jpg\" data-caption=\"\"\/>\n\n\t\t\n\t\t<div class=\"figc no-description\">\n\t\t\t<div class=\"figc-inner\">\n\t\t\t\t\t\t\t\t\t\t\t\t\t\t\t<\/div>\n\t\t<\/div>\n\n\t<\/div>\n\n<\/div><div class=\"modula-item effect-pufrobo\" >\n\t<div class=\"modula-item-overlay\"><\/div>\n\n\t<div class=\"modula-item-content\">\n\n\t\t\t\t\n\t\t\t\t\t<a data-image-id=\"5123\" href=\"https:\/\/www1.massivmoebel-niesse.de\/wp-content\/uploads\/2020\/10\/IMG_0475-scaled.jpg\" rel=\"jtg-4838\" data-caption=\"\" class=\"tile-inner modula-item-link\"><\/a>\n\t\t\n\t\t\n\t\t<img class='pic' data-valign=\"middle\" data-halign=\"center\" alt=\"\" data-full=\"https:\/\/www1.massivmoebel-niesse.de\/wp-content\/uploads\/2020\/10\/IMG_0475.jpg\" width=\"650\" height=\"600\" src=\"https:\/\/www1.massivmoebel-niesse.de\/wp-content\/uploads\/2020\/10\/IMG_0475-650x600.jpg\" data-src=\"https:\/\/www1.massivmoebel-niesse.de\/wp-content\/uploads\/2020\/10\/IMG_0475-650x600.jpg\" data-caption=\"\"\/>\n\n\t\t\n\t\t<div class=\"figc no-description\">\n\t\t\t<div class=\"figc-inner\">\n\t\t\t\t\t\t\t\t\t\t\t\t\t\t\t<\/div>\n\t\t<\/div>\n\n\t<\/div>\n\n<\/div><div class=\"modula-item effect-pufrobo\" >\n\t<div class=\"modula-item-overlay\"><\/div>\n\n\t<div class=\"modula-item-content\">\n\n\t\t\t\t\n\t\t\t\t\t<a data-image-id=\"5148\" href=\"https:\/\/www1.massivmoebel-niesse.de\/wp-content\/uploads\/2020\/10\/IMG-20191211-WA0004-1.jpg\" rel=\"jtg-4838\" data-caption=\"\" class=\"tile-inner modula-item-link\"><\/a>\n\t\t\n\t\t\n\t\t<img class='pic' data-valign=\"middle\" data-halign=\"center\" alt=\"\" data-full=\"https:\/\/www1.massivmoebel-niesse.de\/wp-content\/uploads\/2020\/10\/IMG-20191211-WA0004-1.jpg\" width=\"650\" height=\"600\" src=\"https:\/\/www1.massivmoebel-niesse.de\/wp-content\/uploads\/2020\/10\/IMG-20191211-WA0004-1-650x600.jpg\" data-src=\"https:\/\/www1.massivmoebel-niesse.de\/wp-content\/uploads\/2020\/10\/IMG-20191211-WA0004-1-650x600.jpg\" data-caption=\"\"\/>\n\n\t\t\n\t\t<div class=\"figc no-description\">\n\t\t\t<div class=\"figc-inner\">\n\t\t\t\t\t\t\t\t\t\t\t\t\t\t\t<\/div>\n\t\t<\/div>\n\n\t<\/div>\n\n<\/div><div class=\"modula-item effect-pufrobo\" >\n\t<div class=\"modula-item-overlay\"><\/div>\n\n\t<div class=\"modula-item-content\">\n\n\t\t\t\t\n\t\t\t\t\t<a data-image-id=\"5137\" href=\"https:\/\/www1.massivmoebel-niesse.de\/wp-content\/uploads\/2020\/10\/P01015-173611-scaled.jpg\" rel=\"jtg-4838\" data-caption=\"\" class=\"tile-inner modula-item-link\"><\/a>\n\t\t\n\t\t\n\t\t<img class='pic' data-valign=\"middle\" data-halign=\"center\" alt=\"\" data-full=\"https:\/\/www1.massivmoebel-niesse.de\/wp-content\/uploads\/2020\/10\/P01015-173611.jpg\" width=\"650\" height=\"600\" src=\"https:\/\/www1.massivmoebel-niesse.de\/wp-content\/uploads\/2020\/10\/P01015-173611-650x600.jpg\" data-src=\"https:\/\/www1.massivmoebel-niesse.de\/wp-content\/uploads\/2020\/10\/P01015-173611-650x600.jpg\" data-caption=\"\"\/>\n\n\t\t\n\t\t<div class=\"figc no-description\">\n\t\t\t<div class=\"figc-inner\">\n\t\t\t\t\t\t\t\t\t\t\t\t\t\t\t<\/div>\n\t\t<\/div>\n\n\t<\/div>\n\n<\/div><div class=\"modula-item effect-pufrobo\" >\n\t<div class=\"modula-item-overlay\"><\/div>\n\n\t<div class=\"modula-item-content\">\n\n\t\t\t\t\n\t\t\t\t\t<a data-image-id=\"5117\" href=\"https:\/\/www1.massivmoebel-niesse.de\/wp-content\/uploads\/2020\/10\/4234344-scaled.jpg\" rel=\"jtg-4838\" data-caption=\"\" class=\"tile-inner modula-item-link\"><\/a>\n\t\t\n\t\t\n\t\t<img class='pic' data-valign=\"middle\" data-halign=\"center\" alt=\"\" data-full=\"https:\/\/www1.massivmoebel-niesse.de\/wp-content\/uploads\/2020\/10\/4234344.jpg\" width=\"650\" height=\"600\" src=\"https:\/\/www1.massivmoebel-niesse.de\/wp-content\/uploads\/2020\/10\/4234344-650x600.jpg\" data-src=\"https:\/\/www1.massivmoebel-niesse.de\/wp-content\/uploads\/2020\/10\/4234344-650x600.jpg\" data-caption=\"\"\/>\n\n\t\t\n\t\t<div class=\"figc no-description\">\n\t\t\t<div class=\"figc-inner\">\n\t\t\t\t\t\t\t\t\t\t\t\t\t\t\t<\/div>\n\t\t<\/div>\n\n\t<\/div>\n\n<\/div>\t\t\n\t<\/div>\n\n\t\n\t\n\t<script type=\"application\/ld+json\">\n\t{\n\t\t\"@context\": \"http:\/\/schema.org\",\n\t\t\"@type\"   : \"ImageGallery\",\n\t\t\"id\"      : \"https:\/\/www1.massivmoebel-niesse.de\",\n\t\t\"url\"     : \"https:\/\/www1.massivmoebel-niesse.de\"\n\t}\n\n    <\/script>\n\n\t\n<\/div>[\/vc_column_text][\/vc_column_inner][\/vc_row_inner][\/vc_column][\/vc_row][vc_row tlg_background_style=&#8220;bg-secondary&#8220; tlg_padding=&#8220;pb0&#8243; css=&#8220;.vc_custom_1606046421634{padding-top: -200px !important;}&#8220;][vc_column][vc_row_inner el_id=&#8220;story&#8220;][vc_column_inner]<div class=\"headings-title\"><div class=\"mb72 mb-xs-40 text-center\"><div  class=\"widgetsubtitle mb8\">Unternehmen mit Geschichte<\/div><h4  class=\"widgettitle mb0\">\u00dcber uns<\/h4><\/div><\/div>[\/vc_column_inner][\/vc_row_inner][vc_row_inner][vc_column_inner]<section class=\"image-standard \">\n\t\t\t\t\t\t    <div class=\"container p0-sm-min\">\n\t\t\t\t\t\t        <div class=\"row vertical-flex\">\n\t\t\t\t\t\t            <div class=\"col-md-7 col-sm-6 text-center mb-xs-24 p0-sm-min border-radius-m\">\n\t\t\t\t\t\t            \t<div class=\"intro-image\"><img width=\"3549\" height=\"2160\" src=\"https:\/\/www1.massivmoebel-niesse.de\/wp-content\/uploads\/2020\/11\/niesse_produktion.png\" class=\"attachment-full size-full\" alt=\"\" loading=\"lazy\" srcset=\"https:\/\/www1.massivmoebel-niesse.de\/wp-content\/uploads\/2020\/11\/niesse_produktion.png 3549w, https:\/\/www1.massivmoebel-niesse.de\/wp-content\/uploads\/2020\/11\/niesse_produktion-300x183.png 300w, https:\/\/www1.massivmoebel-niesse.de\/wp-content\/uploads\/2020\/11\/niesse_produktion-1024x623.png 1024w, https:\/\/www1.massivmoebel-niesse.de\/wp-content\/uploads\/2020\/11\/niesse_produktion-768x467.png 768w, https:\/\/www1.massivmoebel-niesse.de\/wp-content\/uploads\/2020\/11\/niesse_produktion-500x304.png 500w, https:\/\/www1.massivmoebel-niesse.de\/wp-content\/uploads\/2020\/11\/niesse_produktion-800x487.png 800w, https:\/\/www1.massivmoebel-niesse.de\/wp-content\/uploads\/2020\/11\/niesse_produktion-1280x779.png 1280w, https:\/\/www1.massivmoebel-niesse.de\/wp-content\/uploads\/2020\/11\/niesse_produktion-1920x1169.png 1920w, https:\/\/www1.massivmoebel-niesse.de\/wp-content\/uploads\/2020\/11\/niesse_produktion-1536x935.png 1536w, https:\/\/www1.massivmoebel-niesse.de\/wp-content\/uploads\/2020\/11\/niesse_produktion-2048x1246.png 2048w\" sizes=\"(max-width: 3549px) 100vw, 3549px\" \/>\n\t\t\t\t\t\t            \t<\/div>\n\t\t\t\t\t\t            <\/div>\n\t\t\t\t\t\t            <div class=\"col-md-4 col-md-offset-1 col-sm-5 col-sm-offset-1 p0-sm-min\"><div>Ab dem 1. April 2019 hat Julian Spannhoff aus Lienen den Traditionsbetrieb, der fast 40 Jahre in dritter Generation von Josef Niesse gef\u00fchrt wurde \u00fcbernohmen.<\/p>\n<p>Der neue Gesch\u00e4ftsf\u00fchrer ist er nicht nur Tischlermeister, sondern ebenfalls staatlich gepr\u00fcfter Holztechniker. Begleitend dazu legte er auch die Meisterpr\u00fcfung vor der Handwerkskammer Osnabr\u00fcck-Emsland-Grafschaft Bentheim ab. Auch den von ihm nun \u00fcbernommenen Betrieb kennt Spannhoff wie seine Westentasche, war er hier doch bereits drei Jahre als Geselle t\u00e4tig.Das Verh\u00e4ltnis zwischen Senior- und Juniorchef ist somit ein vertrautes. Deshalb wird Josef Niesse seinem Nachfolger auch weiterhin mit Rat und Tat zur Seite stehen.<\/p>\n<p>Die Familie Niesse bedankt sich bei ihren Kunden f\u00fcr die Treue der vergangenen Jahrzehnte und hofft, dass sie auch Herrn Spannhoff weiterhin ihr Vertrauen schenken werden.<\/div><\/div>\n\t\t\t\t\t\t        <\/div>\n\t\t\t\t\t\t    <\/div>\n\t\t\t\t\t\t<\/section>[\/vc_column_inner][\/vc_row_inner]<div class=\"tlg-spacer\" data-height=\"100\" data-height-tablet=\"70\" data-height-mobile=\"35\" style=\"clear:both;display:block;height:100px;\"><\/div>[\/vc_column][\/vc_row][vc_row css=&#8220;.vc_custom_1603583486914{background-color: #424242 !important;}&#8220; el_id=&#8220;info&#8220;][vc_column width=&#8220;1\/4&#8243;]<div id=\"iconbox-69f49f6888703\" class=\"color-white\"><div class=\"icon-link\"><div class=\"relative mb0 text-center\">\n\t\t\t\t\t\t\t<i style=\"color:#ffffff;\" class=\"ti-bag   inline-block mb16 ms-text icon-lg\"><\/i>\n\t\t\t\t\t\t\t<h5  class=\"widgettitle mb8\">\u00d6ffnungszeiten<\/h5>\n\t\t\t\t\t\t\t<div  class=\"widgetsubtitle mb16\"><\/div>\n\t\t\t\t\t\t\t<div  class=\"icon-content\"><\/p>\n<h5 style=\"text-align: center;\"><strong>Montag &#8211; Freitag<\/strong><br \/>\n08.00 &#8211; 12.15 Uhr<br \/>\n13.00 &#8211; 18.00 Uhr<\/h5>\n<h5 style=\"text-align: center;\"><strong>Samstag<\/strong><br \/>\n08.30 &#8211; 13.00 Uhr<\/h5>\n<h5 style=\"text-align: center;\">Termine auch nach Vereinbarung.<\/h5>\n<p>\n<\/div> \n\t\t\t\t\t\t<\/div><\/div><\/div>[\/vc_column][vc_column width=&#8220;1\/4&#8243;]<div id=\"iconbox-69f49f6888757\" class=\"color-white\"><div class=\"icon-link\"><div class=\"relative mb0 text-center\">\n\t\t\t\t\t\t\t<i style=\"color:#ffffff;\" class=\"ti-user   inline-block mb16 ms-text icon-lg\"><\/i>\n\t\t\t\t\t\t\t<h5  class=\"widgettitle mb8\">Kontakt<\/h5>\n\t\t\t\t\t\t\t<div  class=\"widgetsubtitle mb16\"><\/div>\n\t\t\t\t\t\t\t<div  class=\"icon-content\"><\/p>\n<h5 style=\"text-align: center;\">Festnetz: 0 54 26 \/ 33 36<\/h5>\n<h5 style=\"text-align: center;\">Mobile: 01 63 \/ 876 14 61<\/h5>\n<h5 style=\"text-align: center;\"><span style=\"color: #ffffff;\"><a style=\"color: #ffffff;\" href=\"mailto:info@massivmoebel-niesse.de\">info@massivmoebel-niesse.de<\/a><\/span><\/h5>\n<h5 style=\"text-align: center;\">www.massivmoebel-niesse.de<\/h5>\n<p>\n<\/div> \n\t\t\t\t\t\t<\/div><\/div><\/div>[\/vc_column][vc_column width=&#8220;1\/4&#8243;]<div id=\"iconbox-69f49f6888787\" class=\"color-white\"><div class=\"icon-link\"><div class=\"relative mb0 text-center\">\n\t\t\t\t\t\t\t<i style=\"color:#ffffff;\" class=\"ti-home   inline-block mb16 ms-text icon-lg\"><\/i>\n\t\t\t\t\t\t\t<h5  class=\"widgettitle mb8\">Adresse:<\/h5>\n\t\t\t\t\t\t\t<div  class=\"widgetsubtitle mb16\"><\/div>\n\t\t\t\t\t\t\t<div  class=\"icon-content\"><\/p>\n<h5 style=\"text-align: center;\">niesse MASSIVHOLZM\u00d6BEL<br \/>\nInh. Julian Spannhoff<\/h5>\n<h5 style=\"text-align: center;\">F\u00fcchtorfer Stra\u00dfe 11b<br \/>\n49219 Glandorf<\/h5>\n<p>\n<\/div> \n\t\t\t\t\t\t<\/div><\/div><\/div>[\/vc_column][vc_column width=&#8220;1\/4&#8243;][vc_column_text]<\/p>\n<div class=\"mapouter\">\n<div class=\"gmap_canvas\"><iframe id=\"gmap_canvas\" src=\"https:\/\/maps.google.com\/maps?q=F%C3%BCchtorfer%20Stra%C3%9Fe%2011b%2049219%20Glandorf&amp;t=&amp;z=13&amp;ie=UTF8&amp;iwloc=&amp;output=embed\" width=\"270\" height=\"270\" frameborder=\"0\" marginwidth=\"0\" marginheight=\"0\" scrolling=\"no\"><\/iframe><\/div>\n<\/div>\n<p>[\/vc_column_text][\/vc_column][\/vc_row]<\/p>\n","protected":false},"excerpt":{"rendered":"<p>[vc_row full_width=&#8220;stretch_row&#8220; el_id=&#8220;start&#8220;][vc_column][vc_row_inner content_placement=&#8220;top&#8220; el_id=&#8220;service&#8220;][vc_column_inner css=&#8220;.vc_custom_1606048180383{padding-right: -50px !important;}&#8220; offset=&#8220;vc_hidden-sm vc_hidden-xs&#8220;][vc_column_text css=&#8220;.vc_custom_1605988441064{padding-right: 1px !important;background-color: #000000 !important;}&#8220;][\/vc_column_text][\/vc_column_inner][\/vc_row_inner][\/vc_column][\/vc_row][vc_row tlg_background_style=&#8220;bg-secondary&#8220;&#8230;<\/p>\n","protected":false},"author":1,"featured_media":0,"parent":0,"menu_order":0,"comment_status":"closed","ping_status":"closed","template":"","meta":{"_vp_format_video_url":"","_vp_image_focal_point":[]},"_links":{"self":[{"href":"https:\/\/www1.massivmoebel-niesse.de\/index.php?rest_route=\/wp\/v2\/pages\/5360"}],"collection":[{"href":"https:\/\/www1.massivmoebel-niesse.de\/index.php?rest_route=\/wp\/v2\/pages"}],"about":[{"href":"https:\/\/www1.massivmoebel-niesse.de\/index.php?rest_route=\/wp\/v2\/types\/page"}],"author":[{"embeddable":true,"href":"https:\/\/www1.massivmoebel-niesse.de\/index.php?rest_route=\/wp\/v2\/users\/1"}],"replies":[{"embeddable":true,"href":"https:\/\/www1.massivmoebel-niesse.de\/index.php?rest_route=%2Fwp%2Fv2%2Fcomments&post=5360"}],"version-history":[{"count":5,"href":"https:\/\/www1.massivmoebel-niesse.de\/index.php?rest_route=\/wp\/v2\/pages\/5360\/revisions"}],"predecessor-version":[{"id":5386,"href":"https:\/\/www1.massivmoebel-niesse.de\/index.php?rest_route=\/wp\/v2\/pages\/5360\/revisions\/5386"}],"wp:attachment":[{"href":"https:\/\/www1.massivmoebel-niesse.de\/index.php?rest_route=%2Fwp%2Fv2%2Fmedia&parent=5360"}],"curies":[{"name":"wp","href":"https:\/\/api.w.org\/{rel}","templated":true}]}}