{"id":2041,"date":"2020-09-23T10:22:37","date_gmt":"2020-09-23T10:22:37","guid":{"rendered":"http:\/\/demo.themelogi.com\/roneous\/?page_id=2041"},"modified":"2020-11-24T19:06:13","modified_gmt":"2020-11-24T19:06:13","slug":"landing-conversation","status":"publish","type":"page","link":"https:\/\/www1.massivmoebel-niesse.de\/?page_id=2041","title":{"rendered":"Holzarten"},"content":{"rendered":"<p>[vc_row full_width=&#8220;stretch_row&#8220; el_id=&#8220;start&#8220;][vc_column]<section  id=\"single-69f4b918b2c2c\" class=\"header-single vertical-flex m0 image-bg   parallax pt180 pb180 pt-xs-80 pb-xs-80\" style=\"\"><div class=\"background-content\"><img width=\"1920\" height=\"1280\" src=\"https:\/\/www1.massivmoebel-niesse.de\/wp-content\/uploads\/2020\/11\/lumber-84678_1920.jpg\" class=\"background-image\" alt=\"\" loading=\"lazy\" srcset=\"https:\/\/www1.massivmoebel-niesse.de\/wp-content\/uploads\/2020\/11\/lumber-84678_1920.jpg 1920w, https:\/\/www1.massivmoebel-niesse.de\/wp-content\/uploads\/2020\/11\/lumber-84678_1920-300x200.jpg 300w, https:\/\/www1.massivmoebel-niesse.de\/wp-content\/uploads\/2020\/11\/lumber-84678_1920-1024x683.jpg 1024w, https:\/\/www1.massivmoebel-niesse.de\/wp-content\/uploads\/2020\/11\/lumber-84678_1920-768x512.jpg 768w, https:\/\/www1.massivmoebel-niesse.de\/wp-content\/uploads\/2020\/11\/lumber-84678_1920-500x333.jpg 500w, https:\/\/www1.massivmoebel-niesse.de\/wp-content\/uploads\/2020\/11\/lumber-84678_1920-800x533.jpg 800w, https:\/\/www1.massivmoebel-niesse.de\/wp-content\/uploads\/2020\/11\/lumber-84678_1920-1280x853.jpg 1280w, https:\/\/www1.massivmoebel-niesse.de\/wp-content\/uploads\/2020\/11\/lumber-84678_1920-1536x1024.jpg 1536w, https:\/\/www1.massivmoebel-niesse.de\/wp-content\/uploads\/2020\/11\/lumber-84678_1920-600x400.jpg 600w\" sizes=\"(max-width: 1920px) 100vw, 1920px\" \/><div  class=\"background-overlay\"><\/div><\/div><div  class=\"container vertical-flex-column item-content \"><div class=\"row\"><div class=\"col-sm-6 mb-xs-80 p0-xs pr-32\">\n\t\t\t\t\t            <\/div><div class=\"col-sm-6 p0-xs heading-content pl-32\"><\/div><\/div><\/div><script type=\"text\/javascript\">jQuery(document).ready(function(){jQuery('head').append('<style type=\"text\/css\" id=\"tlg-custom-css-single-69f4b918b2c2c\">#single-69f4b918b2c2c h1{text-shadow:none;font-size:50px;line-height:60px;letter-spacing:11px!important;text-transform: uppercase!important;}#single-69f4b918b2c2c .lead{text-shadow:none;font-size:18px;line-height:23px;text-transform: uppercase!important;}#single-69f4b918b2c2c .heading-content p{text-shadow:none;text-transform: none!important;}<\/style>');});<\/script><\/section>[\/vc_column][\/vc_row][vc_row tlg_background_style=&#8220;bg-secondary&#8220; tlg_padding=&#8220;pb0&#8243; el_id=&#8220;holzarten&#8220; css=&#8220;.vc_custom_1605808690972{padding-top: -200px !important;}&#8220;][vc_column]<div class=\"headings-title\"><div class=\"mb72 mb-xs-40 text-center\"><div style=\"font-size:12px;line-height:17px;text-transform: none!important;\" class=\"widgetsubtitle mb8\">Holzarten und Farbigkeiten sind auf Anfrage m\u00f6glich<\/div><h4 style=\"text-transform: uppercase!important;\" class=\"widgettitle mb0\">Buntheit<\/h4><\/div><\/div>[vc_tta_tabs style=&#8220;modern&#8220; shape=&#8220;square&#8220; color=&#8220;white&#8220; alignment=&#8220;center&#8220; active_section=&#8220;1&#8243; pagination_style=&#8220;outline-square&#8220; css_animation=&#8220;none&#8220; no_fill_content_area=&#8220;true&#8220; css=&#8220;.vc_custom_1603468555548{padding-top: -20px !important;}&#8220;][vc_tta_section title=&#8220;Buche&#8220; tab_id=&#8220;1603465242801-d3d6a7f2-b21f&#8220;][vc_row_inner][vc_column_inner width=&#8220;1\/4&#8243;][vc_single_image image=&#8220;5129&#8243; alignment=&#8220;center&#8220;][\/vc_column_inner][vc_column_inner width=&#8220;3\/4&#8243;][vc_column_text]Die Buche ist eine der wichtigsten Laubbaumarten in Europa und hat einen gro\u00dfen Anteil in deutschen W\u00e4ldern. F\u00fcr die Holzindustrie ist Buchenholz ein sehr bedeutender Rohstoff.<\/p>\n<p>Der astfreie Stamm der Buche kann bis zu 40 Meter hoch werden und kann eine L\u00e4nge von 15 Metern erreichen.<br \/>\nCharakteristisch f\u00fcr Buchenholz ist eine hell-gelbliche bis r\u00f6tlich-braune Farbe, die bei Lichteinstrahlung nur wenig nachdunkelt. Die Poren im Buchenholz sind klein und gleichm\u00e4\u00dfig verteilt.<\/p>\n<p>Durch das schwere und harte Holz ist die Buche besonders abriebfest. Die wertvollen St\u00e4mme der bis zu 300 Jahre alt werdenden Buche werden nach 100 bis 140 Jahren geerntet.<\/p>\n<p>Oft wird das Buchenholz wegen seiner sehr guten Verarbeitung in M\u00f6belfabrikationen eingesetzt. Dabei sind die Einsatzgebiete des Holzes sehr weitreichend. Es veredelt nicht nur Ihr zu Hause &#8211; es verleiht ihm zus\u00e4tzlich auch ein neues und frisches Ambiente.[\/vc_column_text][\/vc_column_inner][\/vc_row_inner][\/vc_tta_section][vc_tta_section title=&#8220;Eiche&#8220; tab_id=&#8220;1603465242782-70d719bf-bfba&#8220;][vc_row_inner][vc_column_inner width=&#8220;1\/4&#8243;][vc_single_image image=&#8220;5145&#8243; alignment=&#8220;center&#8220;][\/vc_column_inner][vc_column_inner width=&#8220;3\/4&#8243;][vc_column_text]Die Eiche z\u00e4hlt zu den wertvollsten heimischen Nutzh\u00f6lzern f\u00fcr den M\u00f6belbau. Die \u00fcber 200 verschiedenen Eichenarten weisen eine kr\u00e4ftige und gleichm\u00e4\u00dfige Struktur auf, wenige sind jedoch hochwertige und helle Furnierh\u00f6lzer, so wie wir sie verwenden.<\/p>\n<p>Die Eiche besitzt eine gro\u00dfe ausladende Krone, die 20-30 Meter hoch werden kann, w\u00e4hrend die wertvollen St\u00e4mme einen Durchmesser von 40 cm bis \u00fcber 100 cm erreichen k\u00f6nnen.<\/p>\n<p>Das Splintholz der Eiche ist im Allgemeinen schmal und gelblichwei\u00df, wobei das Kernholz gelbbraun bis mittelbraun ist. F\u00fcr die Verarbeitung von Eichenholz ist nur das Kernholz geeignet, da das Splintholz nicht haltbar ist. Die Jahresringe, die bei Eichenholz sehr gut erkennbar sind, geben ihm eine gleichm\u00e4\u00dfige Maserung, die durch sehr feine oder breite Strahlen gepr\u00e4gt ist.<\/p>\n<p>Das harte und schwere Holz ist ein erstklassiges Material f\u00fcr Gegenst\u00e4nde, bei denen hohe Festigkeit und Stabilit\u00e4t verlangt wird. Eiche gilt als zeitloses und dennoch modernes Holz und verwandelt Ihr Heim in Ihre ganz pers\u00f6nliche und harmonische Ruhest\u00e4tte.[\/vc_column_text][\/vc_column_inner][\/vc_row_inner][\/vc_tta_section][vc_tta_section title=&#8220;Nuss&#8220; tab_id=&#8220;1603467395341-993198cc-e782&#8243;][vc_row_inner][vc_column_inner width=&#8220;1\/4&#8243;][vc_single_image image=&#8220;5133&#8243; alignment=&#8220;center&#8220;][\/vc_column_inner][vc_column_inner width=&#8220;3\/4&#8243;][vc_column_text]<\/p>\n<div class=\"tinymcewysiwyg\">\n<p>Seit Jahrhunderten geh\u00f6rt \u00a0das Nussbaumholz zu den Top-H\u00f6lzern\u00a0 f\u00fcr die Verarbeitung von M\u00f6beln. Es ist hart, schwer und sehr elastisch. Zus\u00e4tzlich verf\u00fcgt es \u00fcber gute Festigkeitseigenschaften.<\/p>\n<p>Das Splintholz ist grauweiss bis r\u00f6tlichweiss, das Kernholz ist je nach Alter verschieden, hellgrau bis dunkelbraun. Die Maserung von Nussbaum ist lebhaft von breiten dunklen Adern durchzogen.<\/p>\n<p>Der Nussbaum mit seiner breit ausladenden Krone erreicht in freier Natur eine H\u00f6he von bis zu 30 Metern. Allerdings betr\u00e4gt die Lebensdauer eines solchen Baumes nicht mehr als 120 bis 150 Jahre. Somit geh\u00f6rt er zu den \u201eJungspunden&#8220; des Waldes.<\/p>\n<p>Das Nussbaumholz l\u00e4sst sich sehr gut bearbeiten, beizen und polieren. Nussbaumholz z\u00e4hlt zu den wertvollsten und begehrtesten M\u00f6belh\u00f6lzern und ist sehr dekorativ.<\/p>\n<\/div>\n<p>[\/vc_column_text][\/vc_column_inner][\/vc_row_inner][\/vc_tta_section][vc_tta_section title=&#8220;Kirsche&#8220; tab_id=&#8220;1603467551431-b44fe2fb-33c5&#8243;][vc_row_inner][vc_column_inner width=&#8220;1\/4&#8243;][vc_single_image image=&#8220;5144&#8243; alignment=&#8220;center&#8220;][\/vc_column_inner][vc_column_inner width=&#8220;3\/4&#8243;][vc_column_text]Das Holz der Kirsche ist nicht sehr hart, aber fest und l\u00e4sst somit eine gute Oberfl\u00e4chenbehandlung zu. Bei Bearbeitung dieses Holzes kann also ein ausgezeichnetes Endergebnis erzielt werden.<\/p>\n<p>Das dekorative Kirschbaumholz ist in der M\u00f6belherstellung sehr beliebt und wird in den Bereichen Kunsttischlerei und Innenausbau h\u00e4ufig verwendet. Auch Musikinstrumente werden des \u00d6fteren aus Kirschholz angefertigt.<\/p>\n<p>Das Splintholz des Kirschbaumes ist gelblich bis r\u00f6tlichwei\u00df, das Kernholz ist gelblich bis hellr\u00f6tlichbraun. Unter Lichteinfluss wird es r\u00f6tlichbraun bis hellgoldbraun. Es gilt als fest und z\u00e4h und besitzt eine hohe Elastizit\u00e4t.<br \/>\nKirschbaumholz weist eine einheitliche Struktur mit dichten Fasern und feinen Poren auf. Die Oberfl\u00e4che hat einen seidigen Glanz, der durch Polieren noch verst\u00e4rkt werden kann.<\/p>\n<p>Kirschbaumholz wird f\u00fcr moderne M\u00f6bel eingesetzt, weil es sich mit hellen und dunklen H\u00f6lzern sowie mit anderen Materialien gut kombinieren l\u00e4sst.<\/p>\n<p>\u00dcberzeugen Sie sich selbst von diesem au\u00dfergew\u00f6hnlich sch\u00f6nem Holz.[\/vc_column_text][\/vc_column_inner][\/vc_row_inner][\/vc_tta_section][vc_tta_section title=&#8220;Harz&#8220; tab_id=&#8220;1603467614948-9d20fac1-baad&#8220;][vc_row_inner][vc_column_inner width=&#8220;1\/4&#8243;][vc_single_image image=&#8220;5115&#8243; alignment=&#8220;center&#8220;][\/vc_column_inner][vc_column_inner width=&#8220;3\/4&#8243;][vc_column_text]Epoxidharze besitzen gute mechanische Eigenschaften sowie eine gute Temperatur- und Chemikalienbest\u00e4ndigkeit und gelten als hochwertige, aber teure Kunsstoffe.[\/vc_column_text][\/vc_column_inner][\/vc_row_inner][\/vc_tta_section][\/vc_tta_tabs]<div class=\"tlg-spacer\" data-height=\"100\" data-height-tablet=\"70\" data-height-mobile=\"35\" style=\"clear:both;display:block;height:100px;\"><\/div>[\/vc_column][\/vc_row][vc_row css=&#8220;.vc_custom_1603583486914{background-color: #424242 !important;}&#8220; el_id=&#8220;info&#8220;][vc_column width=&#8220;1\/4&#8243;]<div id=\"iconbox-69f4b918b31f9\" class=\"color-white\"><div class=\"icon-link\"><div class=\"relative mb0 text-center\">\n\t\t\t\t\t\t\t<i style=\"color:#ffffff;\" class=\"ti-bag   inline-block mb16 ms-text icon-lg\"><\/i>\n\t\t\t\t\t\t\t<h5  class=\"widgettitle mb8\">\u00d6ffnungszeiten<\/h5>\n\t\t\t\t\t\t\t<div  class=\"widgetsubtitle mb16\"><\/div>\n\t\t\t\t\t\t\t<div  class=\"icon-content\"><\/p>\n<h5 style=\"text-align: center;\"><strong>Montag &#8211; Freitag<\/strong><br \/>\n08.00 &#8211; 12.15 Uhr<br \/>\n13.00 &#8211; 18.00 Uhr<\/h5>\n<h5 style=\"text-align: center;\"><strong>Samstag<\/strong><br \/>\n08.30 &#8211; 13.00 Uhr<\/h5>\n<h5 style=\"text-align: center;\">Termine auch nach Vereinbarung.<\/h5>\n<p>\n<\/div> \n\t\t\t\t\t\t<\/div><\/div><\/div>[\/vc_column][vc_column width=&#8220;1\/4&#8243;]<div id=\"iconbox-69f4b918b3248\" class=\"color-white\"><div class=\"icon-link\"><div class=\"relative mb0 text-center\">\n\t\t\t\t\t\t\t<i style=\"color:#ffffff;\" class=\"ti-user   inline-block mb16 ms-text icon-lg\"><\/i>\n\t\t\t\t\t\t\t<h5  class=\"widgettitle mb8\">Kontakt<\/h5>\n\t\t\t\t\t\t\t<div  class=\"widgetsubtitle mb16\"><\/div>\n\t\t\t\t\t\t\t<div  class=\"icon-content\"><\/p>\n<h5 style=\"text-align: center;\">Festnetz: 0 54 26 \/ 33 36<\/h5>\n<h5 style=\"text-align: center;\">Mobile: 01 63 \/ 876 14 61<\/h5>\n<h5 style=\"text-align: center;\"><span style=\"color: #ffffff;\"><a style=\"color: #ffffff;\" href=\"mailto:info@massivmoebel-niesse.de\">info@massivmoebel-niesse.de<\/a><\/span><\/h5>\n<h5 style=\"text-align: center;\">www.massivmoebel-niesse.de<\/h5>\n<p>\n<\/div> \n\t\t\t\t\t\t<\/div><\/div><\/div>[\/vc_column][vc_column width=&#8220;1\/4&#8243;]<div id=\"iconbox-69f4b918b3276\" class=\"color-white\"><div class=\"icon-link\"><div class=\"relative mb0 text-center\">\n\t\t\t\t\t\t\t<i style=\"color:#ffffff;\" class=\"ti-home   inline-block mb16 ms-text icon-lg\"><\/i>\n\t\t\t\t\t\t\t<h5  class=\"widgettitle mb8\">Adresse:<\/h5>\n\t\t\t\t\t\t\t<div  class=\"widgetsubtitle mb16\"><\/div>\n\t\t\t\t\t\t\t<div  class=\"icon-content\"><\/p>\n<h5 style=\"text-align: center;\">niesse MASSIVHOLZM\u00d6BEL<br \/>\nInh. Julian Spannhoff<\/h5>\n<h5 style=\"text-align: center;\">F\u00fcchtorfer Stra\u00dfe 11b<br \/>\n49219 Glandorf<\/h5>\n<p>\n<\/div> \n\t\t\t\t\t\t<\/div><\/div><\/div>[\/vc_column][vc_column width=&#8220;1\/4&#8243;][vc_column_text]<\/p>\n<div class=\"mapouter\">\n<div class=\"gmap_canvas\"><iframe id=\"gmap_canvas\" src=\"https:\/\/maps.google.com\/maps?q=F%C3%BCchtorfer%20Stra%C3%9Fe%2011b%2049219%20Glandorf&amp;t=&amp;z=13&amp;ie=UTF8&amp;iwloc=&amp;output=embed\" width=\"270\" height=\"270\" frameborder=\"0\" marginwidth=\"0\" marginheight=\"0\" scrolling=\"no\"><\/iframe><\/div>\n<\/div>\n<p>[\/vc_column_text][\/vc_column][\/vc_row]<\/p>\n","protected":false},"excerpt":{"rendered":"<p>[vc_row full_width=&#8220;stretch_row&#8220; el_id=&#8220;start&#8220;][vc_column][\/vc_column][\/vc_row][vc_row tlg_background_style=&#8220;bg-secondary&#8220; tlg_padding=&#8220;pb0&#8243; el_id=&#8220;holzarten&#8220; css=&#8220;.vc_custom_1605808690972{padding-top: -200px !important;}&#8220;][vc_column][vc_tta_tabs style=&#8220;modern&#8220; shape=&#8220;square&#8220; color=&#8220;white&#8220; alignment=&#8220;center&#8220; active_section=&#8220;1&#8243; pagination_style=&#8220;outline-square&#8220; css_animation=&#8220;none&#8220;&#8230;<\/p>\n","protected":false},"author":1,"featured_media":0,"parent":0,"menu_order":0,"comment_status":"closed","ping_status":"closed","template":"","meta":{"_vp_format_video_url":"","_vp_image_focal_point":[]},"_links":{"self":[{"href":"https:\/\/www1.massivmoebel-niesse.de\/index.php?rest_route=\/wp\/v2\/pages\/2041"}],"collection":[{"href":"https:\/\/www1.massivmoebel-niesse.de\/index.php?rest_route=\/wp\/v2\/pages"}],"about":[{"href":"https:\/\/www1.massivmoebel-niesse.de\/index.php?rest_route=\/wp\/v2\/types\/page"}],"author":[{"embeddable":true,"href":"https:\/\/www1.massivmoebel-niesse.de\/index.php?rest_route=\/wp\/v2\/users\/1"}],"replies":[{"embeddable":true,"href":"https:\/\/www1.massivmoebel-niesse.de\/index.php?rest_route=%2Fwp%2Fv2%2Fcomments&post=2041"}],"version-history":[{"count":51,"href":"https:\/\/www1.massivmoebel-niesse.de\/index.php?rest_route=\/wp\/v2\/pages\/2041\/revisions"}],"predecessor-version":[{"id":5389,"href":"https:\/\/www1.massivmoebel-niesse.de\/index.php?rest_route=\/wp\/v2\/pages\/2041\/revisions\/5389"}],"wp:attachment":[{"href":"https:\/\/www1.massivmoebel-niesse.de\/index.php?rest_route=%2Fwp%2Fv2%2Fmedia&parent=2041"}],"curies":[{"name":"wp","href":"https:\/\/api.w.org\/{rel}","templated":true}]}}